{"id":916341,"date":"2023-04-26T16:08:19","date_gmt":"2023-04-26T19:08:19","guid":{"rendered":"https:\/\/www.pm.pb.gov.br\/portal\/?page_id=916341"},"modified":"2023-11-01T09:29:57","modified_gmt":"2023-11-01T12:29:57","slug":"licitacao-2023","status":"publish","type":"page","link":"https:\/\/www.pm.pb.gov.br\/portal\/licitacao-2023\/","title":{"rendered":"Licita\u00e7\u00f5es e Contratos 2023"},"content":{"rendered":"\n<h4>\u00a0<\/h4>\n<h4>Processo n\u00ba 15.000.000135.2023<br \/>Dispensa de licita\u00e7\u00e3o n\u00ba 039\/2023<\/h4>\n<p>Dispensa de Licita\u00e7\u00e3o em car\u00e1ter emergencial.<br \/>Objeto: Contrata\u00e7\u00e3o de empresa especializada em servi\u00e7os continuados de conserva\u00e7\u00e3o, higieniza\u00e7\u00e3o, limpeza e copeiragem com fornecimento de m\u00e3o de obra e com fornecimento de materiais, equipamentos, uniforme e EPIs, na sede do Quartel do Comando Geral (QCG) da Pol\u00edcia Militar da Para\u00edba.<br \/><br \/>Prazo para recebimento das propostas comerciais: 23h59min do dia 03\/11\/2023 (e-mail: <a href=\"mailto:agenciacontratacaopmpb@gmail.com\">agenciacontratacaopmpb@gmail.com<\/a>).\u00a0<\/p>\n<p>Termo de Refer\u00eancia \u2013 <a href=\"http:\/\/www.pm.pb.gov.br\/portal\/wp-content\/uploads\/2023\/10\/TR-DISPENSA-39-2023-QCG.pdf\">Clique aqui<\/a><br \/>Contato telef\u00f4nico: (83) 3248-7053, das 08h00min \u00e0s 12h00min e das 13h30min \u00e0s 17h00min.<\/p>\n<h4>\u00a0<\/h4>\n<h4>Processo n\u00ba 15.000.000078.2023<br \/>Tomada de Pre\u00e7os n\u00ba 003\/2023<\/h4>\n<p>Objeto: SERVI\u00c7O DE REFORMA DA UNIDADE DE POLICIAMENTO OSTENSIVO DA PRAIA DA PENHA, EM JO\u00c3O PESSOA-PB.<\/p>\n<p>Data do certame: 28\/09\/2023, \u00e0s 09h00. Publicada no D.O.E. de 07 de setembro de 2023.<\/p>\n<p>OBS: O Edital e seus anexos poder\u00e3o ser lidos e\/ou obtidos de forma gratuita, no \u00f3rg\u00e3o licitante, na sala da Ag\u00eancia de Contrata\u00e7\u00e3o 01, pavimento t\u00e9rreo do Quartel do Comando Geral da PMPB, situado na Rua Annita Luiza Mello di Lascio, 340, Ponta de Campina, Cabedelo-PB, nos dias \u00fateis, no hor\u00e1rio das 08:00 \u00e0s 13:00 horas, ou solicitados atrav\u00e9s do email: <a href=\"mailto:agenciacontratacaopmpb@gmail.com\">agenciacontratacaopmpb@gmail.com<\/a>.<\/p>\n<p><em>Canal no Youtube CPL Obras<\/em> &#8211; <a href=\"https:\/\/www.youtube.com\/channel\/UCSZkLTx_Od132ZcEvAjxMCg\">Clique aqui<\/a>.<\/p>\n<p>Mais informa\u00e7\u00f5es pelo telefone (83) 3248 7051.<\/p>\n<p>\u00a0<\/p>\n<h4>Processo n\u00ba 15.000.000077.2023<br \/>Tomada de Pre\u00e7os n\u00ba 002\/2023<\/h4>\n<p>Objeto: SERVI\u00c7OS DE REFORMA E MANUTEN\u00c7\u00c3O DO AUDIT\u00d3RIO DO CENTRO DE EDUCA\u00c7\u00c3O DA PMPB, EM JO\u00c3O PESSOA-PB.<\/p>\n<p>Data do certame: 17\/08\/2023, \u00e0s 10h30. Publicada no D.O.E. de 01 de agosto de 2023.<\/p>\n<p>OBS: O Edital e seus anexos poder\u00e3o ser lidos e\/ou obtidos de forma gratuita, no \u00f3rg\u00e3o licitante, na sala da Agencia de Contrata\u00e7\u00e3o 01, pavimento t\u00e9rreo do Quartel do Comando Geral da PMPB, situado na Rua Annita Luiza Mello di Lascio, 340, Ponta de Campina, Cabedelo-PB, nos dias \u00fateis, no hor\u00e1rio das 08:00 \u00e0s 13:00 horas, ou solicitados atrav\u00e9s do email: <a href=\"mailto:agenciacontratacaopmpb@gmail.com\">agenciacontratacaopmpb@gmail.com<\/a>.<\/p>\n<p><em>Canal no Youtube CPL Obras<\/em> &#8211; <a href=\"https:\/\/www.youtube.com\/channel\/UCSZkLTx_Od132ZcEvAjxMCg\">Clique aqui<\/a>.<\/p>\n<p>Mais informa\u00e7\u00f5es pelos telefones (83) 98207 1498 e (83) 99838 4133.<\/p>\n<h4>\u00a0<\/h4>\n<h4>Processo n\u00ba 15.000.000035.2023<br \/>Tomada de Pre\u00e7os n\u00ba 001\/2023<\/h4>\n<p>Objeto: CONSTRU\u00c7\u00c3O DO SISTEMA DE RESERVAT\u00d3RIOS DE \u00c1GUA FRIA PARA ABASTECIMENTO DO 13\u00ba BPM, COM SERVI\u00c7O DE DEMOLI\u00c7\u00c3O DO RESERVAT\u00d3RIO SUPERIOR EXISTENTE, EM ITAPORANGA \u2013 PB.<\/p>\n<p>Data do certame: 17\/08\/2023, \u00e0s 09h00. Publicada no D.O.E. de 01 de agosto de 2023.<\/p>\n<p>OBS: O Edital e seus anexos poder\u00e3o ser lidos e\/ou obtidos de forma gratuita, no \u00f3rg\u00e3o licitante, na sala da Agencia de Contrata\u00e7\u00e3o 01, pavimento t\u00e9rreo do Quartel do Comando Geral da PMPB, situado na Rua Annita Luiza Mello di Lascio, 340, Ponta de Campina, Cabedelo-PB, nos dias \u00fateis, no hor\u00e1rio das 08:00 \u00e0s 13:00 horas, ou solicitados atrav\u00e9s do email: <a href=\"mailto:agenciacontratacaopmpb@gmail.com\">agenciacontratacaopmpb@gmail.com<\/a>.<\/p>\n<p><em>Canal no Youtube CPL Obras<\/em> &#8211; <a href=\"https:\/\/www.youtube.com\/channel\/UCSZkLTx_Od132ZcEvAjxMCg\">Clique aqui<\/a>.<\/p>\n<p>Mais informa\u00e7\u00f5es pelos telefones (83) 98207 1498 e (83) 99838 4133.<\/p>\n<h4>\u00a0<\/h4>\n<h4>Processo n\u00ba 15.000.000097.2023<br \/>Dispensa de Licita\u00e7\u00e3o n\u00ba 0032\/2023 (Art. 24, Inc. IV, da Lei n\u00ba 8.666\/93)<\/h4>\n<p>Objeto: CONTRATA\u00c7\u00c3O DE EMPRESA DE ENGENHARIA ESPECIALIZADA PARA EXECU\u00c7\u00c3O DE SERVI\u00c7O DE RECUPERA\u00c7\u00c3O EMERGENCIAL DO TELHADO DA 4\u00aa CIPM, EM BAYEUX-PB.<\/p>\n<p>Termo de Refer\u00eancia \u2013 <a href=\"http:\/\/www.pm.pb.gov.br\/portal\/wp-content\/uploads\/2023\/08\/Termo-de-Referencia_compressed.pdf\">Clique aqui<\/a>.<br \/>Contato telef\u00f4nico: (83) 3248-7053, das 08h00min \u00e0s 12h00min e das 13h30min \u00e0s 17h00min.<\/p>\n<p>\u00a0<\/p>\n<h4>Processo n\u00ba 15.000.000064.2023<br \/>Dispensa de licita\u00e7\u00e3o n\u00ba 021\/2023<\/h4>\n<p>Dispensa de Licita\u00e7\u00e3o em car\u00e1ter emergencial.<br \/>Objeto: Contrata\u00e7\u00e3o do servi\u00e7o de outsourcing de impress\u00e3o\u00a0para atender \u00e0s necessidades desta Corpora\u00e7\u00e3o.<\/p>\n<p>Prazo para recebimento das propostas comerciais: 23h59min do dia 26\/07\/2023, atrav\u00e9s do e-mail: <a href=\"mailto:agenciacontratacaopmpb@gmail.com\">agenciacontratacaopmpb@gmail.com<\/a>.\u00a0<\/p>\n<p>Termo de Refer\u00eancia \u2013 <a href=\"http:\/\/www.pm.pb.gov.br\/portal\/wp-content\/uploads\/2023\/07\/TERMO-DE-REFERE\u0302NCIA-SERVIC\u0327O-OUTSOURCING-DE-IMPRESSA\u0303O.pdf\">Clique aqui<\/a><br \/>Contato telef\u00f4nico: (83) 3248-7053, das 08h00min \u00e0s 12h00min e das 13h30min \u00e0s 17h00min.<\/p>\n<p>\u00a0<\/p>\n<h4>Processo n\u00ba 15.000.000048.2023<br \/>Dispensa de licita\u00e7\u00e3o n\u00ba 013\/2023<\/h4>\n<p>Dispensa de Licita\u00e7\u00e3o em car\u00e1ter emergencial.<br \/>Objeto: Contrata\u00e7\u00e3o para aquisi\u00e7\u00e3o de alimenta\u00e7\u00e3o, kit lanche e \u00e1gua mineral para atender \u00e0s necessidades desta Corpora\u00e7\u00e3o.<br \/>Prazo para recebimento das propostas comerciais: 10h00min do dia 24\/05\/2023 (e-mail: <a href=\"mailto:agenciacontratacaopmpb@gmail.com\">agenciacontratacaopmpb@gmail.com<\/a>).\u00a0<\/p>\n<p>Termo de Refer\u00eancia \u2013 <a href=\"http:\/\/www.pm.pb.gov.br\/portal\/wp-content\/uploads\/2023\/05\/TERMO-DE-REFERENCIA-ALIMENTACAO-KIT-LANCHE-E-AGUA-MINERAL.pdf\">Clique aqui<\/a><br \/>Anexos &#8211; <a href=\"http:\/\/www.pm.pb.gov.br\/portal\/wp-content\/uploads\/2023\/05\/ANEXO-I-E-II-AO-TR-ALIMENTACAO-KIT-LANCHE-E-AGUA-MINERAL.pdf\">Clique aqui<\/a><br \/>Contato telef\u00f4nico: (83) 3248-7053, das 08h00min \u00e0s 12h00min e das 13h30min \u00e0s 17h00min.<\/p>\n<p>\u00a0<\/p>\n<h4>Processo n\u00ba 15.000.000027.2023<br \/>Dispensa de licita\u00e7\u00e3o n\u00ba 004\/2023<\/h4>\n<p>Objeto: Contrata\u00e7\u00e3o de institui\u00e7\u00e3o para a realiza\u00e7\u00e3o de concurso p\u00fablico para o Curso de Forma\u00e7\u00e3o de Soldados (CFSD) da Pol\u00edcia Militar e Corpo de Bombeiros Militar do Estado da Para\u00edba.<br \/>Prazo para recebimento das propostas comerciais e documentos de habilita\u00e7\u00e3o: 17\/05\/2023 (e-mail: <a href=\"mailto:agenciacontratacaopmpb@gmail.com\">agenciacontratacaopmpb@gmail.com<\/a>).\u00a0<\/p>\n<p>Termo de Refer\u00eancia \u2013\u00a0<a href=\"https:\/\/www.pm.pb.gov.br\/portal\/wp-content\/uploads\/2023\/05\/TR-CFSd-2023.pdf\">Clique aqui<\/a><br \/>Publica\u00e7\u00e3o no Di\u00e1rio Oficial do Estado n\u00ba 17.850, de 29\/04\/2023.<\/p>\n","protected":false},"excerpt":{"rendered":"<p>\u00a0 Processo n\u00ba 15.000.000135.2023Dispensa de licita\u00e7\u00e3o n\u00ba 039\/2023 Dispensa de Licita\u00e7\u00e3o em car\u00e1ter emergencial.Objeto: Contrata\u00e7\u00e3o de empresa especializada em servi\u00e7os<\/p>\n","protected":false},"author":12,"featured_media":0,"parent":0,"menu_order":0,"comment_status":"closed","ping_status":"closed","template":"","meta":{"_exactmetrics_skip_tracking":false,"_exactmetrics_sitenote_active":false,"_exactmetrics_sitenote_note":"","_exactmetrics_sitenote_category":0,"footnotes":""},"yoast_head":"<!-- This site is optimized with the Yoast SEO plugin v22.0 - https:\/\/yoast.com\/wordpress\/plugins\/seo\/ -->\n<title>Licita\u00e7\u00f5es e Contratos 2023 - Pol\u00edcia Militar da Para\u00edba<\/title>\n<meta name=\"robots\" content=\"index, follow, max-snippet:-1, max-image-preview:large, max-video-preview:-1\" \/>\n<link rel=\"canonical\" href=\"https:\/\/www.pm.pb.gov.br\/portal\/licitacao-2023\/\" \/>\n<meta property=\"og:locale\" content=\"pt_BR\" \/>\n<meta property=\"og:type\" content=\"article\" \/>\n<meta property=\"og:title\" content=\"Licita\u00e7\u00f5es e Contratos 2023 - Pol\u00edcia Militar da Para\u00edba\" \/>\n<meta property=\"og:description\" content=\"\u00a0 Processo n\u00ba 15.000.000135.2023Dispensa de licita\u00e7\u00e3o n\u00ba 039\/2023 Dispensa de Licita\u00e7\u00e3o em car\u00e1ter emergencial.Objeto: Contrata\u00e7\u00e3o de empresa especializada em servi\u00e7os\" \/>\n<meta property=\"og:url\" content=\"https:\/\/www.pm.pb.gov.br\/portal\/licitacao-2023\/\" \/>\n<meta property=\"og:site_name\" content=\"Pol\u00edcia Militar da Para\u00edba\" \/>\n<meta property=\"article:modified_time\" content=\"2023-11-01T12:29:57+00:00\" \/>\n<meta property=\"og:image\" content=\"https:\/\/www.pm.pb.gov.br\/portal\/wp-content\/uploads\/2016\/04\/foto_brasao-1.jpg\" \/>\n\t<meta property=\"og:image:width\" content=\"620\" \/>\n\t<meta property=\"og:image:height\" content=\"411\" \/>\n\t<meta property=\"og:image:type\" content=\"image\/jpeg\" \/>\n<meta name=\"twitter:card\" content=\"summary_large_image\" \/>\n<meta name=\"twitter:label1\" content=\"Est. tempo de leitura\" \/>\n\t<meta name=\"twitter:data1\" content=\"4 minutos\" \/>\n<script type=\"application\/ld+json\" class=\"yoast-schema-graph\">{\"@context\":\"https:\/\/schema.org\",\"@graph\":[{\"@type\":\"WebPage\",\"@id\":\"https:\/\/www.pm.pb.gov.br\/portal\/licitacao-2023\/\",\"url\":\"https:\/\/www.pm.pb.gov.br\/portal\/licitacao-2023\/\",\"name\":\"Licita\u00e7\u00f5es e Contratos 2023 - Pol\u00edcia Militar da Para\u00edba\",\"isPartOf\":{\"@id\":\"https:\/\/www.pm.pb.gov.br\/portal\/#website\"},\"datePublished\":\"2023-04-26T19:08:19+00:00\",\"dateModified\":\"2023-11-01T12:29:57+00:00\",\"breadcrumb\":{\"@id\":\"https:\/\/www.pm.pb.gov.br\/portal\/licitacao-2023\/#breadcrumb\"},\"inLanguage\":\"pt-BR\",\"potentialAction\":[{\"@type\":\"ReadAction\",\"target\":[\"https:\/\/www.pm.pb.gov.br\/portal\/licitacao-2023\/\"]}]},{\"@type\":\"BreadcrumbList\",\"@id\":\"https:\/\/www.pm.pb.gov.br\/portal\/licitacao-2023\/#breadcrumb\",\"itemListElement\":[{\"@type\":\"ListItem\",\"position\":1,\"name\":\"In\u00edcio\",\"item\":\"https:\/\/www.pm.pb.gov.br\/portal\/\"},{\"@type\":\"ListItem\",\"position\":2,\"name\":\"Licita\u00e7\u00f5es e Contratos 2023\"}]},{\"@type\":\"WebSite\",\"@id\":\"https:\/\/www.pm.pb.gov.br\/portal\/#website\",\"url\":\"https:\/\/www.pm.pb.gov.br\/portal\/\",\"name\":\"Pol\u00edcia Militar da Para\u00edba\",\"description\":\"\",\"publisher\":{\"@id\":\"https:\/\/www.pm.pb.gov.br\/portal\/#organization\"},\"potentialAction\":[{\"@type\":\"SearchAction\",\"target\":{\"@type\":\"EntryPoint\",\"urlTemplate\":\"https:\/\/www.pm.pb.gov.br\/portal\/?s={search_term_string}\"},\"query-input\":\"required name=search_term_string\"}],\"inLanguage\":\"pt-BR\"},{\"@type\":\"Organization\",\"@id\":\"https:\/\/www.pm.pb.gov.br\/portal\/#organization\",\"name\":\"Pol\u00edcia Militar da Para\u00edba\",\"url\":\"https:\/\/www.pm.pb.gov.br\/portal\/\",\"logo\":{\"@type\":\"ImageObject\",\"inLanguage\":\"pt-BR\",\"@id\":\"https:\/\/www.pm.pb.gov.br\/portal\/#\/schema\/logo\/image\/\",\"url\":\"https:\/\/www.pm.pb.gov.br\/portal\/wp-content\/uploads\/2025\/03\/cropped-logo-site-mag2-1.png\",\"contentUrl\":\"https:\/\/www.pm.pb.gov.br\/portal\/wp-content\/uploads\/2025\/03\/cropped-logo-site-mag2-1.png\",\"width\":320,\"height\":90,\"caption\":\"Pol\u00edcia Militar da Para\u00edba\"},\"image\":{\"@id\":\"https:\/\/www.pm.pb.gov.br\/portal\/#\/schema\/logo\/image\/\"}}]}<\/script>\n<!-- \/ Yoast SEO plugin. -->","yoast_head_json":{"title":"Licita\u00e7\u00f5es e Contratos 2023 - Pol\u00edcia Militar da Para\u00edba","robots":{"index":"index","follow":"follow","max-snippet":"max-snippet:-1","max-image-preview":"max-image-preview:large","max-video-preview":"max-video-preview:-1"},"canonical":"https:\/\/www.pm.pb.gov.br\/portal\/licitacao-2023\/","og_locale":"pt_BR","og_type":"article","og_title":"Licita\u00e7\u00f5es e Contratos 2023 - Pol\u00edcia Militar da Para\u00edba","og_description":"\u00a0 Processo n\u00ba 15.000.000135.2023Dispensa de licita\u00e7\u00e3o n\u00ba 039\/2023 Dispensa de Licita\u00e7\u00e3o em car\u00e1ter emergencial.Objeto: Contrata\u00e7\u00e3o de empresa especializada em servi\u00e7os","og_url":"https:\/\/www.pm.pb.gov.br\/portal\/licitacao-2023\/","og_site_name":"Pol\u00edcia Militar da Para\u00edba","article_modified_time":"2023-11-01T12:29:57+00:00","og_image":[{"width":620,"height":411,"url":"https:\/\/www.pm.pb.gov.br\/portal\/wp-content\/uploads\/2016\/04\/foto_brasao-1.jpg","type":"image\/jpeg"}],"twitter_card":"summary_large_image","twitter_misc":{"Est. tempo de leitura":"4 minutos"},"schema":{"@context":"https:\/\/schema.org","@graph":[{"@type":"WebPage","@id":"https:\/\/www.pm.pb.gov.br\/portal\/licitacao-2023\/","url":"https:\/\/www.pm.pb.gov.br\/portal\/licitacao-2023\/","name":"Licita\u00e7\u00f5es e Contratos 2023 - Pol\u00edcia Militar da Para\u00edba","isPartOf":{"@id":"https:\/\/www.pm.pb.gov.br\/portal\/#website"},"datePublished":"2023-04-26T19:08:19+00:00","dateModified":"2023-11-01T12:29:57+00:00","breadcrumb":{"@id":"https:\/\/www.pm.pb.gov.br\/portal\/licitacao-2023\/#breadcrumb"},"inLanguage":"pt-BR","potentialAction":[{"@type":"ReadAction","target":["https:\/\/www.pm.pb.gov.br\/portal\/licitacao-2023\/"]}]},{"@type":"BreadcrumbList","@id":"https:\/\/www.pm.pb.gov.br\/portal\/licitacao-2023\/#breadcrumb","itemListElement":[{"@type":"ListItem","position":1,"name":"In\u00edcio","item":"https:\/\/www.pm.pb.gov.br\/portal\/"},{"@type":"ListItem","position":2,"name":"Licita\u00e7\u00f5es e Contratos 2023"}]},{"@type":"WebSite","@id":"https:\/\/www.pm.pb.gov.br\/portal\/#website","url":"https:\/\/www.pm.pb.gov.br\/portal\/","name":"Pol\u00edcia Militar da Para\u00edba","description":"","publisher":{"@id":"https:\/\/www.pm.pb.gov.br\/portal\/#organization"},"potentialAction":[{"@type":"SearchAction","target":{"@type":"EntryPoint","urlTemplate":"https:\/\/www.pm.pb.gov.br\/portal\/?s={search_term_string}"},"query-input":"required name=search_term_string"}],"inLanguage":"pt-BR"},{"@type":"Organization","@id":"https:\/\/www.pm.pb.gov.br\/portal\/#organization","name":"Pol\u00edcia Militar da Para\u00edba","url":"https:\/\/www.pm.pb.gov.br\/portal\/","logo":{"@type":"ImageObject","inLanguage":"pt-BR","@id":"https:\/\/www.pm.pb.gov.br\/portal\/#\/schema\/logo\/image\/","url":"https:\/\/www.pm.pb.gov.br\/portal\/wp-content\/uploads\/2025\/03\/cropped-logo-site-mag2-1.png","contentUrl":"https:\/\/www.pm.pb.gov.br\/portal\/wp-content\/uploads\/2025\/03\/cropped-logo-site-mag2-1.png","width":320,"height":90,"caption":"Pol\u00edcia Militar da Para\u00edba"},"image":{"@id":"https:\/\/www.pm.pb.gov.br\/portal\/#\/schema\/logo\/image\/"}}]}},"_links":{"self":[{"href":"https:\/\/www.pm.pb.gov.br\/portal\/wp-json\/wp\/v2\/pages\/916341"}],"collection":[{"href":"https:\/\/www.pm.pb.gov.br\/portal\/wp-json\/wp\/v2\/pages"}],"about":[{"href":"https:\/\/www.pm.pb.gov.br\/portal\/wp-json\/wp\/v2\/types\/page"}],"author":[{"embeddable":true,"href":"https:\/\/www.pm.pb.gov.br\/portal\/wp-json\/wp\/v2\/users\/12"}],"replies":[{"embeddable":true,"href":"https:\/\/www.pm.pb.gov.br\/portal\/wp-json\/wp\/v2\/comments?post=916341"}],"version-history":[{"count":32,"href":"https:\/\/www.pm.pb.gov.br\/portal\/wp-json\/wp\/v2\/pages\/916341\/revisions"}],"predecessor-version":[{"id":918858,"href":"https:\/\/www.pm.pb.gov.br\/portal\/wp-json\/wp\/v2\/pages\/916341\/revisions\/918858"}],"wp:attachment":[{"href":"https:\/\/www.pm.pb.gov.br\/portal\/wp-json\/wp\/v2\/media?parent=916341"}],"curies":[{"name":"wp","href":"https:\/\/api.w.org\/{rel}","templated":true}]}}