{"id":914236,"date":"2022-05-03T11:34:19","date_gmt":"2022-05-03T14:34:19","guid":{"rendered":"https:\/\/www.pm.pb.gov.br\/portal\/?page_id=914236"},"modified":"2023-07-21T19:33:21","modified_gmt":"2023-07-21T22:33:21","slug":"licitacoes-2022","status":"publish","type":"page","link":"https:\/\/www.pm.pb.gov.br\/portal\/informacoes\/licitacoes\/licitacoes-2022\/","title":{"rendered":"Licita\u00e7\u00f5es e Contratos 2022"},"content":{"rendered":"\n<h3>&nbsp;<\/h3>\n<h3>Processo n\u00ba 15.000.000502.2022<\/h3>\n<p>Tomada de Pre\u00e7os n\u00ba 002\/2022, data do certame: 10\/05\/2022, \u00e0s 08:30h. Publicada no DOE de 23 de abril de 2022.<br>Objeto: SERVI\u00c7OS DE REFORMA, MANUTEN\u00c7\u00c3O E ADEQUA\u00c7\u00c3O PARA ACESSIBILIDADE PARA O 1\u00ba BATALH\u00c3O E AMBULAT\u00d3RIO M\u00c9DICO DA PMPB, EM JO\u00c3O PESSOA-PB. OBS: O Edital e seus anexos poder\u00e3o ser lidos e\/ou obtidos, de forma gratuita, no \u00f3rg\u00e3o licitante, na sala da CPL\/Obras \u2013 3\u00ba andar do Quartel do Comando Geral da PMPB, situado na Pra\u00e7a Pedro Am\u00e9rico, s\/n, centro, Jo\u00e3o Pessoa &#8211; PB, nos dias \u00fateis, no hor\u00e1rio das 08:00 \u00e0s 13:00 horas, ou solicitados atrav\u00e9s do email:<a href=\"mailto:cpl.obraspmpb@gmail.com\"> cpl.obraspmpb@gmail.com<\/a>.<\/p>\n<p><em>Canal no Youtube CPL Obras<\/em> &#8211; <a href=\"https:\/\/www.youtube.com\/channel\/UCSZkLTx_Od132ZcEvAjxMCg\">Clique aqui<\/a>.<\/p>\n<p>&nbsp;<\/p>\n<h3>Processo n\u00ba 15.000.000507.2022<\/h3>\n<p>Tomada de Pre\u00e7os n\u00ba 004\/2022, data do certame: 10\/05\/2022, \u00e0s 11:00h. Publicada no DOE de 23 de abril de 2022.<br>Objeto: SERVI\u00c7O DE RECUPERA\u00c7\u00c3O DA COBERTA DO BLOCO DO AUDIT\u00d3RIO E REFORMA DO ALOJAMENTO DAS PRA\u00c7AS DO 7\u00b0 BPM, EM SANTA RITA-PB. OBS: O Edital e seus anexos poder\u00e3o ser lidos e\/ou obtidos, de forma gratuita, no \u00f3rg\u00e3o licitante, na sala da CPL\/Obras \u2013 3\u00ba andar do Quartel do Comando Geral da PMPB, situado na Pra\u00e7a Pedro Am\u00e9rico, s\/n, centro, Jo\u00e3o Pessoa &#8211; PB, nos dias \u00fateis, no hor\u00e1rio das 08:00 \u00e0s 13:00 horas, ou solicitados atrav\u00e9s do email: <a href=\"mailto:cpl.obraspmpb@gmail.com\">cpl.obraspmpb@gmail.com<\/a>.<\/p>\n<p><em>Canal no Youtube CPL Obras<\/em> &#8211; <a href=\"https:\/\/www.youtube.com\/channel\/UCSZkLTx_Od132ZcEvAjxMCg\">Clique aqui<\/a>.<\/p>\n<h3>&nbsp;<\/h3>\n<h3>Processo n\u00ba 15.000.000520.2021<\/h3>\n<p>Tomada de Pre\u00e7os n\u00ba 020\/2021, data do certame: 10\/05\/2022 \u00e0s 15:00h. Publicada no DOE de 23 de abril de 2022.<br>Objeto: SERVI\u00c7O DE REFORMA E PINTURA NO PR\u00c9DIO DO COMANDO DE POLICIAMENTO REGIONAL METROPOLITANO \u2013 CPRM, EM JO\u00c3O PESSOA-PB. OBS: O Edital e seus anexos poder\u00e3o ser lidos e\/ou obtidos, de forma gratuita, no \u00f3rg\u00e3o licitante, na sala da CPL\/Obras \u2013 3\u00ba andar do Quartel do Comando Geral da PMPB, situado na Pra\u00e7a Pedro Am\u00e9rico, s\/n, centro, Jo\u00e3o Pessoa &#8211; PB, nos dias \u00fateis, no hor\u00e1rio das 08:00 \u00e0s 13:00 horas, ou solicitados atrav\u00e9s do email: <a href=\"mailto:cpl.obraspmpb@gmail.com\">cpl.obraspmpb@gmail.com<\/a>.<\/p>\n<p><em>Canal no Youtube CPL Obras<\/em> &#8211; <a href=\"https:\/\/www.youtube.com\/channel\/UCSZkLTx_Od132ZcEvAjxMCg\">Clique aqui<\/a>.<\/p>\n<h3>&nbsp;<\/h3>\n<h3>Processo n\u00ba 15.000.000012.2022<\/h3>\n<p>Dispensa de licita\u00e7\u00e3o n\u00ba 0007\/2022<\/p>\n<p>Prazo para recebimento das propostas: 06\/05\/2022 (Via e-mail: <a href=\"mailto:cplpmpb@outlook.com\">cplpmpb@outlook.com<\/a>). Publica\u00e7\u00e3o no D.O.E. de 03\/05\/2022. Objeto: Servi\u00e7o de fornecimento de alimenta\u00e7\u00e3o para o policiamento ostensivo da PMPB.<\/p>\n<p>Termo de Refer\u00eancia &#8211; <a href=\"http:\/\/www.pm.pb.gov.br\/portal\/wp-content\/uploads\/2022\/05\/Termo-de-Referencia.pdf\">Clique aqui<\/a><br>Formul\u00e1rio de Consulta de Pre\u00e7o &#8211; <a href=\"http:\/\/www.pm.pb.gov.br\/portal\/wp-content\/uploads\/2022\/05\/Formulario-de-Consulta-de-Preco.pdf\">Clique aqui<\/a><\/p>\n<h3>&nbsp;<\/h3>\n<h3>Processo n\u00ba 15.000.000506.2022<\/h3>\n<p>Tomada de Pre\u00e7os n\u00ba 003\/2022, data do certame: 15\/06\/2022, \u00e0s 08:30h. Publicada no DOE de 31 de maio de 2022.<br>Objeto: SERVI\u00c7O DE REFORMA DO MURO DO 15\u00ba BPM, EM ESPERAN\u00c7A-PB. OBS: O Edital e seus anexos poder\u00e3o ser lidos e\/ou obtidos, de forma gratuita, no \u00f3rg\u00e3o licitante, na sala da CPL\/Obras &#8211; 3\u00ba andar do Quartel do Comando Geral da PMPB, situado na Pra\u00e7a Pedro Am\u00e9rico, s\/n, centro, Jo\u00e3o Pessoa &#8211; PB, nos dias \u00fateis, no hor\u00e1rio das 08:00 \u00e0s 13:00 horas, ou solicitados atrav\u00e9s do email: <a href=\"mailto:cpl.obraspmpb@gmail.com\">cpl.obraspmpb@gmail.com.<\/a><\/p>\n<p><em>Canal no Youtube CPL Obras<\/em> &#8211; <a href=\"https:\/\/www.youtube.com\/channel\/UCSZkLTx_Od132ZcEvAjxMCg\">Clique aqui<\/a>.<\/p>\n<p>&nbsp;<\/p>\n<h3>Processo n\u00ba 15.000.000508.2022<\/h3>\n<p>Tomada de Pre\u00e7os n\u00ba 005\/2022, data do certame: 15\/06\/2022, \u00e0s 10:30h. Publicada no DOE de 31 de maio de 2022. <br>Objeto: SERVI\u00c7O DE REFORMA DA UNIDADE DE POL\u00cdCIA OSTENSIVA, NO MUNIC\u00cdPIO DE RIACH\u00c3O DO BACAMRTE-PB. OBS: O Edital e seus anexos poder\u00e3o ser lidos e\/ou obtidos, de forma gratuita, no \u00f3rg\u00e3o licitante, na sala da CPL\/Obras &#8211; 3\u00ba andar do Quartel do Comando Geral da PMPB, situado na Pra\u00e7a Pedro Am\u00e9rico, s\/n, centro, Jo\u00e3o Pessoa &#8211; PB, nos dias \u00fateis, no hor\u00e1rio das 08:00 \u00e0s 13:00 horas, ou solicitados atrav\u00e9s do email: <a href=\"mailto:cpl.obraspmpb@gmail.com\">cpl.obraspmpb@gmail.com.<\/a><\/p>\n<p><em>Canal no Youtube CPL Obras<\/em> &#8211; <a href=\"https:\/\/www.youtube.com\/channel\/UCSZkLTx_Od132ZcEvAjxMCg\">Clique aqui<\/a>.<\/p>\n<p>&nbsp;<\/p>\n<h3>Processo n\u00ba 15.000.000519.2021<\/h3>\n<p>Tomada de Pre\u00e7os n\u00ba 019\/2021, data do certame: 15\/06\/2022, \u00e0s 14:30h. Publicada no DOE de 31 de maio de 2022. <br>Objeto: SERVI\u00c7O DE PINTURA EXTERNA DO PR\u00c9DIO DA POLICL\u00cdNICA E DIRETORIA DE SA\u00daDE DA PMPB, EM JO\u00c3O PESSOA-PB. OBS: O Edital e seus anexos poder\u00e3o ser lidos e\/ou obtidos, de forma gratuita, no \u00f3rg\u00e3o licitante, na sala da CPL\/Obras &#8211; 3\u00ba andar do Quartel do Comando Geral da PMPB, situado na Pra\u00e7a Pedro Am\u00e9rico, s\/n, centro, Jo\u00e3o Pessoa &#8211; PB, nos dias \u00fateis, no hor\u00e1rio das 08:00 \u00e0s 13:00 horas, ou solicitados atrav\u00e9s do email: <a href=\"mailto:cpl.obraspmpb@gmail.com\">cpl.obraspmpb@gmail.com.<\/a><\/p>\n<p><em>Canal no Youtube CPL Obras<\/em> &#8211; <a href=\"https:\/\/www.youtube.com\/channel\/UCSZkLTx_Od132ZcEvAjxMCg\">Clique aqui<\/a>.<\/p>\n<p>&nbsp;<\/p>\n<h3>Processo n\u00ba 15.000.000513.2022<\/h3>\n<p>Tomada de Pre\u00e7os n\u00ba 006\/2022, data do certame: 20\/12\/2022, \u00e0s 09:00h. Publica\u00e7\u00e3o contida no D.O.E. de 02 de dezembro de 2022. <br>Objeto: SERVI\u00c7OS DE REFORMA DO P\u00c1TIO INTERNO, TERRAPLANAGEM E CONSTRU\u00c7\u00c3O DE MURO NA 2\u00aa CPTRAN, EM GUARABIRA-PB. OBS: O Edital e seus anexos poder\u00e3o ser lidos e\/ou obtidos de forma gratuita, no \u00f3rg\u00e3o licitante, na sala da CPL, Quartel do Comando Geral da PMPB, situado na Rua Annita Luiza Mello di Lascio, 340, Ponta de Campina, Cabedelo-PB, nos dias \u00fateis, no hor\u00e1rio das 08:00 \u00e0s 13:00 horas, ou solicitados atrav\u00e9s do email: <a style=\"font-size: revert;\" href=\"mailto:cpl.obraspmpb@gmail.com\">cpl.obraspmpb@gmail.com.<\/a><\/p>\n<p><em>Canal no Youtube CPL Obras<\/em> &#8211; <a href=\"https:\/\/www.youtube.com\/channel\/UCSZkLTx_Od132ZcEvAjxMCg\">Clique aqui<\/a>.<\/p>\n\n\n","protected":false},"excerpt":{"rendered":"<p>&nbsp; Processo n\u00ba 15.000.000502.2022 Tomada de Pre\u00e7os n\u00ba 002\/2022, data do certame: 10\/05\/2022, \u00e0s 08:30h. Publicada no DOE de 23<\/p>\n","protected":false},"author":5,"featured_media":0,"parent":895284,"menu_order":0,"comment_status":"closed","ping_status":"closed","template":"","meta":{"_exactmetrics_skip_tracking":false,"_exactmetrics_sitenote_active":false,"_exactmetrics_sitenote_note":"","_exactmetrics_sitenote_category":0,"footnotes":""},"yoast_head":"<!-- This site is optimized with the Yoast SEO plugin v22.0 - https:\/\/yoast.com\/wordpress\/plugins\/seo\/ -->\n<title>Licita\u00e7\u00f5es e Contratos 2022 - Pol\u00edcia Militar da Para\u00edba<\/title>\n<meta name=\"robots\" content=\"index, follow, max-snippet:-1, max-image-preview:large, max-video-preview:-1\" \/>\n<link rel=\"canonical\" href=\"https:\/\/www.pm.pb.gov.br\/portal\/informacoes\/licitacoes\/licitacoes-2022\/\" \/>\n<meta property=\"og:locale\" content=\"pt_BR\" \/>\n<meta property=\"og:type\" content=\"article\" \/>\n<meta property=\"og:title\" content=\"Licita\u00e7\u00f5es e Contratos 2022 - Pol\u00edcia Militar da Para\u00edba\" \/>\n<meta property=\"og:description\" content=\"&nbsp; Processo n\u00ba 15.000.000502.2022 Tomada de Pre\u00e7os n\u00ba 002\/2022, data do certame: 10\/05\/2022, \u00e0s 08:30h. Publicada no DOE de 23\" \/>\n<meta property=\"og:url\" content=\"https:\/\/www.pm.pb.gov.br\/portal\/informacoes\/licitacoes\/licitacoes-2022\/\" \/>\n<meta property=\"og:site_name\" content=\"Pol\u00edcia Militar da Para\u00edba\" \/>\n<meta property=\"article:modified_time\" content=\"2023-07-21T22:33:21+00:00\" \/>\n<meta property=\"og:image\" content=\"https:\/\/www.pm.pb.gov.br\/portal\/wp-content\/uploads\/2016\/04\/foto_brasao-1.jpg\" \/>\n\t<meta property=\"og:image:width\" content=\"620\" \/>\n\t<meta property=\"og:image:height\" content=\"411\" \/>\n\t<meta property=\"og:image:type\" content=\"image\/jpeg\" \/>\n<meta name=\"twitter:card\" content=\"summary_large_image\" \/>\n<meta name=\"twitter:label1\" content=\"Est. tempo de leitura\" \/>\n\t<meta name=\"twitter:data1\" content=\"5 minutos\" \/>\n<script type=\"application\/ld+json\" class=\"yoast-schema-graph\">{\"@context\":\"https:\/\/schema.org\",\"@graph\":[{\"@type\":\"WebPage\",\"@id\":\"https:\/\/www.pm.pb.gov.br\/portal\/informacoes\/licitacoes\/licitacoes-2022\/\",\"url\":\"https:\/\/www.pm.pb.gov.br\/portal\/informacoes\/licitacoes\/licitacoes-2022\/\",\"name\":\"Licita\u00e7\u00f5es e Contratos 2022 - Pol\u00edcia Militar da Para\u00edba\",\"isPartOf\":{\"@id\":\"https:\/\/www.pm.pb.gov.br\/portal\/#website\"},\"datePublished\":\"2022-05-03T14:34:19+00:00\",\"dateModified\":\"2023-07-21T22:33:21+00:00\",\"breadcrumb\":{\"@id\":\"https:\/\/www.pm.pb.gov.br\/portal\/informacoes\/licitacoes\/licitacoes-2022\/#breadcrumb\"},\"inLanguage\":\"pt-BR\",\"potentialAction\":[{\"@type\":\"ReadAction\",\"target\":[\"https:\/\/www.pm.pb.gov.br\/portal\/informacoes\/licitacoes\/licitacoes-2022\/\"]}]},{\"@type\":\"BreadcrumbList\",\"@id\":\"https:\/\/www.pm.pb.gov.br\/portal\/informacoes\/licitacoes\/licitacoes-2022\/#breadcrumb\",\"itemListElement\":[{\"@type\":\"ListItem\",\"position\":1,\"name\":\"In\u00edcio\",\"item\":\"https:\/\/www.pm.pb.gov.br\/portal\/\"},{\"@type\":\"ListItem\",\"position\":2,\"name\":\"Informa\u00e7\u00f5es\",\"item\":\"https:\/\/www.pm.pb.gov.br\/portal\/informacoes\/\"},{\"@type\":\"ListItem\",\"position\":3,\"name\":\"Contratos\",\"item\":\"https:\/\/www.pm.pb.gov.br\/portal\/informacoes\/licitacoes\/\"},{\"@type\":\"ListItem\",\"position\":4,\"name\":\"Licita\u00e7\u00f5es e Contratos 2022\"}]},{\"@type\":\"WebSite\",\"@id\":\"https:\/\/www.pm.pb.gov.br\/portal\/#website\",\"url\":\"https:\/\/www.pm.pb.gov.br\/portal\/\",\"name\":\"Pol\u00edcia Militar da Para\u00edba\",\"description\":\"\",\"publisher\":{\"@id\":\"https:\/\/www.pm.pb.gov.br\/portal\/#organization\"},\"potentialAction\":[{\"@type\":\"SearchAction\",\"target\":{\"@type\":\"EntryPoint\",\"urlTemplate\":\"https:\/\/www.pm.pb.gov.br\/portal\/?s={search_term_string}\"},\"query-input\":\"required name=search_term_string\"}],\"inLanguage\":\"pt-BR\"},{\"@type\":\"Organization\",\"@id\":\"https:\/\/www.pm.pb.gov.br\/portal\/#organization\",\"name\":\"Pol\u00edcia Militar da Para\u00edba\",\"url\":\"https:\/\/www.pm.pb.gov.br\/portal\/\",\"logo\":{\"@type\":\"ImageObject\",\"inLanguage\":\"pt-BR\",\"@id\":\"https:\/\/www.pm.pb.gov.br\/portal\/#\/schema\/logo\/image\/\",\"url\":\"https:\/\/www.pm.pb.gov.br\/portal\/wp-content\/uploads\/2025\/03\/cropped-logo-site-mag2-1.png\",\"contentUrl\":\"https:\/\/www.pm.pb.gov.br\/portal\/wp-content\/uploads\/2025\/03\/cropped-logo-site-mag2-1.png\",\"width\":320,\"height\":90,\"caption\":\"Pol\u00edcia Militar da Para\u00edba\"},\"image\":{\"@id\":\"https:\/\/www.pm.pb.gov.br\/portal\/#\/schema\/logo\/image\/\"}}]}<\/script>\n<!-- \/ Yoast SEO plugin. -->","yoast_head_json":{"title":"Licita\u00e7\u00f5es e Contratos 2022 - Pol\u00edcia Militar da Para\u00edba","robots":{"index":"index","follow":"follow","max-snippet":"max-snippet:-1","max-image-preview":"max-image-preview:large","max-video-preview":"max-video-preview:-1"},"canonical":"https:\/\/www.pm.pb.gov.br\/portal\/informacoes\/licitacoes\/licitacoes-2022\/","og_locale":"pt_BR","og_type":"article","og_title":"Licita\u00e7\u00f5es e Contratos 2022 - Pol\u00edcia Militar da Para\u00edba","og_description":"&nbsp; Processo n\u00ba 15.000.000502.2022 Tomada de Pre\u00e7os n\u00ba 002\/2022, data do certame: 10\/05\/2022, \u00e0s 08:30h. Publicada no DOE de 23","og_url":"https:\/\/www.pm.pb.gov.br\/portal\/informacoes\/licitacoes\/licitacoes-2022\/","og_site_name":"Pol\u00edcia Militar da Para\u00edba","article_modified_time":"2023-07-21T22:33:21+00:00","og_image":[{"width":620,"height":411,"url":"https:\/\/www.pm.pb.gov.br\/portal\/wp-content\/uploads\/2016\/04\/foto_brasao-1.jpg","type":"image\/jpeg"}],"twitter_card":"summary_large_image","twitter_misc":{"Est. tempo de leitura":"5 minutos"},"schema":{"@context":"https:\/\/schema.org","@graph":[{"@type":"WebPage","@id":"https:\/\/www.pm.pb.gov.br\/portal\/informacoes\/licitacoes\/licitacoes-2022\/","url":"https:\/\/www.pm.pb.gov.br\/portal\/informacoes\/licitacoes\/licitacoes-2022\/","name":"Licita\u00e7\u00f5es e Contratos 2022 - Pol\u00edcia Militar da Para\u00edba","isPartOf":{"@id":"https:\/\/www.pm.pb.gov.br\/portal\/#website"},"datePublished":"2022-05-03T14:34:19+00:00","dateModified":"2023-07-21T22:33:21+00:00","breadcrumb":{"@id":"https:\/\/www.pm.pb.gov.br\/portal\/informacoes\/licitacoes\/licitacoes-2022\/#breadcrumb"},"inLanguage":"pt-BR","potentialAction":[{"@type":"ReadAction","target":["https:\/\/www.pm.pb.gov.br\/portal\/informacoes\/licitacoes\/licitacoes-2022\/"]}]},{"@type":"BreadcrumbList","@id":"https:\/\/www.pm.pb.gov.br\/portal\/informacoes\/licitacoes\/licitacoes-2022\/#breadcrumb","itemListElement":[{"@type":"ListItem","position":1,"name":"In\u00edcio","item":"https:\/\/www.pm.pb.gov.br\/portal\/"},{"@type":"ListItem","position":2,"name":"Informa\u00e7\u00f5es","item":"https:\/\/www.pm.pb.gov.br\/portal\/informacoes\/"},{"@type":"ListItem","position":3,"name":"Contratos","item":"https:\/\/www.pm.pb.gov.br\/portal\/informacoes\/licitacoes\/"},{"@type":"ListItem","position":4,"name":"Licita\u00e7\u00f5es e Contratos 2022"}]},{"@type":"WebSite","@id":"https:\/\/www.pm.pb.gov.br\/portal\/#website","url":"https:\/\/www.pm.pb.gov.br\/portal\/","name":"Pol\u00edcia Militar da Para\u00edba","description":"","publisher":{"@id":"https:\/\/www.pm.pb.gov.br\/portal\/#organization"},"potentialAction":[{"@type":"SearchAction","target":{"@type":"EntryPoint","urlTemplate":"https:\/\/www.pm.pb.gov.br\/portal\/?s={search_term_string}"},"query-input":"required name=search_term_string"}],"inLanguage":"pt-BR"},{"@type":"Organization","@id":"https:\/\/www.pm.pb.gov.br\/portal\/#organization","name":"Pol\u00edcia Militar da Para\u00edba","url":"https:\/\/www.pm.pb.gov.br\/portal\/","logo":{"@type":"ImageObject","inLanguage":"pt-BR","@id":"https:\/\/www.pm.pb.gov.br\/portal\/#\/schema\/logo\/image\/","url":"https:\/\/www.pm.pb.gov.br\/portal\/wp-content\/uploads\/2025\/03\/cropped-logo-site-mag2-1.png","contentUrl":"https:\/\/www.pm.pb.gov.br\/portal\/wp-content\/uploads\/2025\/03\/cropped-logo-site-mag2-1.png","width":320,"height":90,"caption":"Pol\u00edcia Militar da Para\u00edba"},"image":{"@id":"https:\/\/www.pm.pb.gov.br\/portal\/#\/schema\/logo\/image\/"}}]}},"_links":{"self":[{"href":"https:\/\/www.pm.pb.gov.br\/portal\/wp-json\/wp\/v2\/pages\/914236"}],"collection":[{"href":"https:\/\/www.pm.pb.gov.br\/portal\/wp-json\/wp\/v2\/pages"}],"about":[{"href":"https:\/\/www.pm.pb.gov.br\/portal\/wp-json\/wp\/v2\/types\/page"}],"author":[{"embeddable":true,"href":"https:\/\/www.pm.pb.gov.br\/portal\/wp-json\/wp\/v2\/users\/5"}],"replies":[{"embeddable":true,"href":"https:\/\/www.pm.pb.gov.br\/portal\/wp-json\/wp\/v2\/comments?post=914236"}],"version-history":[{"count":12,"href":"https:\/\/www.pm.pb.gov.br\/portal\/wp-json\/wp\/v2\/pages\/914236\/revisions"}],"predecessor-version":[{"id":917495,"href":"https:\/\/www.pm.pb.gov.br\/portal\/wp-json\/wp\/v2\/pages\/914236\/revisions\/917495"}],"up":[{"embeddable":true,"href":"https:\/\/www.pm.pb.gov.br\/portal\/wp-json\/wp\/v2\/pages\/895284"}],"wp:attachment":[{"href":"https:\/\/www.pm.pb.gov.br\/portal\/wp-json\/wp\/v2\/media?parent=914236"}],"curies":[{"name":"wp","href":"https:\/\/api.w.org\/{rel}","templated":true}]}}