{"id":904527,"date":"2020-04-16T14:36:30","date_gmt":"2020-04-16T17:36:30","guid":{"rendered":"http:\/\/www.pm.pb.gov.br\/portal\/?page_id=904527"},"modified":"2023-07-21T19:30:51","modified_gmt":"2023-07-21T22:30:51","slug":"licitacoes-2020","status":"publish","type":"page","link":"https:\/\/www.pm.pb.gov.br\/portal\/informacoes\/licitacoes\/licitacoes-2020\/","title":{"rendered":"Licita\u00e7\u00f5es Contratos 2020"},"content":{"rendered":"<table style=\"height: 197px; width: 99.9295%;\">\n<tbody>\n<tr style=\"height: 66px;\">\n<td style=\"width: 573px; height: 66px;\" colspan=\"2\"><span style=\"font-size: 10pt;\">INEXIGIBILIDADE DE LICITA\u00c7\u00c3O N\u00ba 001\/2020 &#8211; Para credenciamento de empresas para fornecimento de servi\u00e7os de: hemodi\u00e1lise, exames de an\u00e1tomopatol\u00f3gicos, tomografia computadorizada com e sem contrastes, resson\u00e2ncia magn\u00e9tica, forneciemento de grampeador circular intraluminal cir\u00fargico e exames laboratoriais especializados.<\/span><\/td>\n<\/tr>\n<tr style=\"height: 26px;\">\n<td style=\"width: 356px; height: 26px;\"><span style=\"font-size: 10pt;\">Processo N\u00ba 15.201.000220.2020<\/span><\/td>\n<td style=\"width: 215px; height: 26px;\"><span style=\"font-size: 10pt;\">Publica\u00e7\u00e3o<\/span><\/td>\n<\/tr>\n<tr style=\"height: 26px;\">\n<td style=\"width: 356px; height: 26px;\"><span style=\"font-size: 10pt;\">&nbsp;<\/span><\/td>\n<td style=\"width: 215px; height: 26px;\"><a href=\"http:\/\/www.pm.pb.gov.br\/portal\/wp-content\/uploads\/2020\/04\/Aviso-de-Credenciamento.pdf\"><span style=\"font-size: 10pt;\">01 &#8211; Chamada P\u00fablica<\/span><\/a><\/td>\n<\/tr>\n<tr style=\"height: 26px;\">\n<td style=\"width: 356px; height: 26px;\"><span style=\"font-size: 10pt;\">&nbsp;<\/span><\/td>\n<td style=\"width: 215px; height: 26px;\"><a href=\"http:\/\/www.pm.pb.gov.br\/portal\/wp-content\/uploads\/2020\/04\/EDITAL-CREDENCIAMENTO.pdf\"><span style=\"font-size: 10pt;\">02 &#8211; Edital de Credenciamento<\/span><\/a><\/td>\n<\/tr>\n<tr style=\"height: 26px;\">\n<td style=\"width: 356px; height: 26px;\">&nbsp;<\/td>\n<td style=\"width: 215px; height: 26px;\">&nbsp;<\/td>\n<\/tr>\n<tr style=\"height: 27px;\">\n<td style=\"width: 573px; text-align: left; height: 27px;\" colspan=\"2\"><span class=\"fontstyle0\"><span style=\"font-size: 10pt;\">Para mais informa\u00e7\u00f5es, atrav\u00e9s do telefone: (83) 3211 7171 ou e-mail: hpmger.licitacao@gmail.com<\/span><\/span><\/td>\n<\/tr>\n<\/tbody>\n<\/table>\n<table style=\"width: 0%; height: 292px;\">\n<tbody>\n<tr style=\"height: 104px;\">\n<td style=\"height: 104px; width: 98.6207%;\" colspan=\"2\"><strong>NOVO:<\/strong> Proc. N\u00ba 15.201.000939.2020 &#8211; INEXIGIBILIDADE DE LICITA\u00c7\u00c3O N\u00ba 002\/2020 \u2013 Objeto: Credenciamento de Empresas para Fornecimento de Pr\u00f3teses Auditivas para o Servi\u00e7o de Reabilita\u00e7\u00e3o Auditiva do HPMGER.<\/td>\n<\/tr>\n<tr style=\"height: 24px;\">\n<td style=\"height: 24px; width: 58.4483%;\">Processo N\u00ba 15.201.000939.2020<\/td>\n<td style=\"height: 24px; width: 40.1724%;\">Publica\u00e7\u00e3o<\/td>\n<\/tr>\n<tr style=\"height: 24px;\">\n<td style=\"height: 24px; width: 58.4483%;\">&nbsp;<\/td>\n<td style=\"height: 24px; width: 40.1724%;\"><a href=\"http:\/\/www.pm.pb.gov.br\/portal\/wp-content\/uploads\/2020\/10\/Aviso-de-Credenciamento.pdf\">Aviso de Credenciamento<\/a><\/td>\n<\/tr>\n<tr style=\"height: 24px;\">\n<td style=\"height: 24px; width: 58.4483%;\">&nbsp;<\/td>\n<td style=\"height: 24px; width: 40.1724%;\"><a href=\"http:\/\/www.pm.pb.gov.br\/portal\/wp-content\/uploads\/2020\/10\/EDITAL-DE-CREDENCIAMENTO-0002-2020-PROTESES-AUDITIVAS.pdf\">EDITAL DE CREDENCIAMENTO 0002-2020- PR\u00d3TESES AUDITIVAS<\/a><\/td>\n<\/tr>\n<tr style=\"height: 24px;\">\n<td style=\"height: 24px; width: 58.4483%;\">AVISO DE ADIAMENTO DE SESS\u00c3O P\u00daBLICA E RETIFICA\u00c7\u00c3O DE EDITAL<\/td>\n<td style=\"height: 24px; width: 40.1724%;\"><a href=\"http:\/\/www.pm.pb.gov.br\/portal\/wp-content\/uploads\/2020\/10\/AVISO-ADIAM-E-RETIF-EDITAL-0002-2020.pdf\">AVISO ADIAM E RETIF EDITAL 0002-2020<\/a><\/td>\n<\/tr>\n<tr style=\"height: 24px;\">\n<td style=\"width: 58.4483%; height: 24px;\">EDITAL DE CREDENCIAMENTO PARA FORNECIMENTO CONT\u00cdNUO DE APARELHOS AUDITIVOS<\/td>\n<td style=\"width: 40.1724%; height: 24px;\"><a href=\"http:\/\/www.pm.pb.gov.br\/portal\/wp-content\/uploads\/2020\/10\/EDITAL-DE-CREDENCIAMENTO-0002-2020-RETIFICADO.pdf\">EDITAL DE CREDENCIAMENTO 0002-2020 &#8211; RETIFICADO<\/a><\/td>\n<\/tr>\n<tr style=\"height: 24px;\">\n<td style=\"width: 58.4483%; height: 24px;\">&nbsp;<\/td>\n<td style=\"width: 40.1724%; height: 24px;\">&nbsp;<\/td>\n<\/tr>\n<tr style=\"height: 44px;\">\n<td style=\"height: 44px; width: 98.6207%;\" colspan=\"2\">\n<p><span class=\"fontstyle0\">Para mais informa\u00e7\u00f5es, atrav\u00e9s do telefone: (83) 3211 7171 ou e-mail: hpmger.licitacao@gmail.com<\/span><\/p>\n<p><em>Informa\u00e7\u00f5es atualizadas em 21\/10\/2020, \u00e0s 14h44.<\/em><\/p>\n<\/td>\n<\/tr>\n<\/tbody>\n<\/table>\n\n\n<table style=\"border-collapse: collapse; width: 100%;\">\n<tbody>\n<tr>\n<td style=\"width: 100%;\">\n<p><strong>LICITA\u00c7\u00c3O OUTUBRO<\/strong><\/p>\n<ol>\n<li>PROCESSO N\u00ba 15.000.000502.2020, Tomada de pre\u00e7os n\u00ba 001\/2020, data do certame: 15\/10\/2020, \u00e0s 09:00hs. Objeto: execu\u00e7\u00e3o da moderniza\u00e7\u00e3o e adequa\u00e7\u00e3o normativa do elevador social do Quartel do Comando Geral da PMPB. PUBLICADA: DOE N\u00ba: 17.210, de 29 de setembro de 2020. <strong><a href=\"http:\/\/www.pm.pb.gov.br\/portal\/wp-content\/uploads\/2020\/10\/TP-001-2020.pdf\">TP 001 2020<\/a><br><br><\/strong><\/li>\n<li>PROCESSO N\u00ba 15.201.001117.2020, Tomada de pre\u00e7os n\u00ba 002\/2020, data do certame: 15\/10\/2020, \u00e0s 14:00hs. Objeto: Servi\u00e7o de manuten\u00e7\u00e3o e recupera\u00e7\u00e3o do telhado do HPMGER. PUBLICADA: DOE N\u00ba: 17.210, de 29 de setembro de 2020. <strong><a href=\"http:\/\/www.pm.pb.gov.br\/portal\/wp-content\/uploads\/2020\/10\/TP-002-2020.pdf\">TP 002 2020<\/a><br><br><\/strong><\/li>\n<li>PROCESSO N\u00ba 15.000.000507.2020, Tomada de pre\u00e7os n\u00ba 003\/2020, data do certame: 16\/10\/2020, \u00e0s 09:00hs. Objeto: Reforma do alojamento da guarda, recupera\u00e7\u00e3o de dois fossos de ventila\u00e7\u00e3o, e rede l\u00f3gica do 3\u00ba pavimento do QCG. PUBLICADA: DOE N\u00ba 17.209, de 26 de setembro de 2020. <strong><a href=\"http:\/\/www.pm.pb.gov.br\/portal\/wp-content\/uploads\/2020\/10\/TP-003-2020.pdf\">TP 003 2020<\/a><br><br><\/strong><\/li>\n<li>PROCESSO N\u00ba 15.000.000508.2020, Tomada de pre\u00e7os n\u00ba 004\/2020, data do certame: 20\/10\/2020, \u00e0s 09:00hs. Objeto: Execu\u00e7\u00e3o de servi\u00e7o de recupera\u00e7\u00e3o de pilares, adequa\u00e7\u00e3o estrutural da sala do doj\u00f4, amplia\u00e7\u00e3o do p\u00e1tio de formatura do CFAP e constru\u00e7\u00e3o do muro de amplia\u00e7\u00e3o, para o Centro de Educa\u00e7\u00e3o da PMPB. PUBLICADA: DOE N\u00ba 17.214, de 03 de outubro de 2020. <strong><a href=\"http:\/\/www.pm.pb.gov.br\/portal\/wp-content\/uploads\/2020\/10\/TP-004-2020.pdf\">TP 004 2020<\/a><\/strong><\/li>\n<\/ol>\n<p><strong>O edital e seus anexos poder\u00e3o ser lidos e\/ou obtidos, de forma gratuita, no \u00f3rg\u00e3o licitante, na sala da CPL Obras \u2013 1\u00ba andar do Quartel do Comando Geral da PMPB, situado na Pra\u00e7a Pedro Am\u00e9rico, s\/n, centro, Jo\u00e3o Pessoa \u2013 PB, nos dias \u00fateis, no hor\u00e1rio das 08h00 \u00e0s 13h00; ou solicitados atrav\u00e9s do email: <a href=\"mailto:cpl.obraspmpb@gmail.com\">cpl.obraspmpb@gmail.com<\/a>.<\/strong> &nbsp;<\/p>\n<p><em>Informa\u00e7\u00f5es atualizadas em 07\/10\/2020, \u00e0s 11h14.<\/em><\/p>\n<p><em>Canal no Youtube CPL Obras<\/em> &#8211; <a href=\"https:\/\/www.youtube.com\/channel\/UCSZkLTx_Od132ZcEvAjxMCg\">Clique aqui<\/a>.<\/p>\n<\/td>\n<\/tr>\n<\/tbody>\n<\/table>\n<p>&nbsp;<\/p>\n","protected":false},"excerpt":{"rendered":"<p>INEXIGIBILIDADE DE LICITA\u00c7\u00c3O N\u00ba 001\/2020 &#8211; Para credenciamento de empresas para fornecimento de servi\u00e7os de: hemodi\u00e1lise, exames de an\u00e1tomopatol\u00f3gicos, tomografia<\/p>\n","protected":false},"author":11,"featured_media":0,"parent":895284,"menu_order":0,"comment_status":"closed","ping_status":"closed","template":"","meta":{"_exactmetrics_skip_tracking":false,"_exactmetrics_sitenote_active":false,"_exactmetrics_sitenote_note":"","_exactmetrics_sitenote_category":0,"footnotes":""},"yoast_head":"<!-- This site is optimized with the Yoast SEO plugin v22.0 - https:\/\/yoast.com\/wordpress\/plugins\/seo\/ -->\n<title>Licita\u00e7\u00f5es Contratos 2020 - Pol\u00edcia Militar da Para\u00edba<\/title>\n<meta name=\"robots\" content=\"index, follow, max-snippet:-1, max-image-preview:large, max-video-preview:-1\" \/>\n<link rel=\"canonical\" href=\"https:\/\/www.pm.pb.gov.br\/portal\/informacoes\/licitacoes\/licitacoes-2020\/\" \/>\n<meta property=\"og:locale\" content=\"pt_BR\" \/>\n<meta property=\"og:type\" content=\"article\" \/>\n<meta property=\"og:title\" content=\"Licita\u00e7\u00f5es Contratos 2020 - Pol\u00edcia Militar da Para\u00edba\" \/>\n<meta property=\"og:description\" content=\"INEXIGIBILIDADE DE LICITA\u00c7\u00c3O N\u00ba 001\/2020 &#8211; Para credenciamento de empresas para fornecimento de servi\u00e7os de: hemodi\u00e1lise, exames de an\u00e1tomopatol\u00f3gicos, tomografia\" \/>\n<meta property=\"og:url\" content=\"https:\/\/www.pm.pb.gov.br\/portal\/informacoes\/licitacoes\/licitacoes-2020\/\" \/>\n<meta property=\"og:site_name\" content=\"Pol\u00edcia Militar da Para\u00edba\" \/>\n<meta property=\"article:modified_time\" content=\"2023-07-21T22:30:51+00:00\" \/>\n<meta property=\"og:image\" content=\"https:\/\/www.pm.pb.gov.br\/portal\/wp-content\/uploads\/2016\/04\/foto_brasao-1.jpg\" \/>\n\t<meta property=\"og:image:width\" content=\"620\" \/>\n\t<meta property=\"og:image:height\" content=\"411\" \/>\n\t<meta property=\"og:image:type\" content=\"image\/jpeg\" \/>\n<meta name=\"twitter:card\" content=\"summary_large_image\" \/>\n<meta name=\"twitter:label1\" content=\"Est. tempo de leitura\" \/>\n\t<meta name=\"twitter:data1\" content=\"3 minutos\" \/>\n<script type=\"application\/ld+json\" class=\"yoast-schema-graph\">{\"@context\":\"https:\/\/schema.org\",\"@graph\":[{\"@type\":\"WebPage\",\"@id\":\"https:\/\/www.pm.pb.gov.br\/portal\/informacoes\/licitacoes\/licitacoes-2020\/\",\"url\":\"https:\/\/www.pm.pb.gov.br\/portal\/informacoes\/licitacoes\/licitacoes-2020\/\",\"name\":\"Licita\u00e7\u00f5es Contratos 2020 - Pol\u00edcia Militar da Para\u00edba\",\"isPartOf\":{\"@id\":\"https:\/\/www.pm.pb.gov.br\/portal\/#website\"},\"datePublished\":\"2020-04-16T17:36:30+00:00\",\"dateModified\":\"2023-07-21T22:30:51+00:00\",\"breadcrumb\":{\"@id\":\"https:\/\/www.pm.pb.gov.br\/portal\/informacoes\/licitacoes\/licitacoes-2020\/#breadcrumb\"},\"inLanguage\":\"pt-BR\",\"potentialAction\":[{\"@type\":\"ReadAction\",\"target\":[\"https:\/\/www.pm.pb.gov.br\/portal\/informacoes\/licitacoes\/licitacoes-2020\/\"]}]},{\"@type\":\"BreadcrumbList\",\"@id\":\"https:\/\/www.pm.pb.gov.br\/portal\/informacoes\/licitacoes\/licitacoes-2020\/#breadcrumb\",\"itemListElement\":[{\"@type\":\"ListItem\",\"position\":1,\"name\":\"In\u00edcio\",\"item\":\"https:\/\/www.pm.pb.gov.br\/portal\/\"},{\"@type\":\"ListItem\",\"position\":2,\"name\":\"Informa\u00e7\u00f5es\",\"item\":\"https:\/\/www.pm.pb.gov.br\/portal\/informacoes\/\"},{\"@type\":\"ListItem\",\"position\":3,\"name\":\"Contratos\",\"item\":\"https:\/\/www.pm.pb.gov.br\/portal\/informacoes\/licitacoes\/\"},{\"@type\":\"ListItem\",\"position\":4,\"name\":\"Licita\u00e7\u00f5es Contratos 2020\"}]},{\"@type\":\"WebSite\",\"@id\":\"https:\/\/www.pm.pb.gov.br\/portal\/#website\",\"url\":\"https:\/\/www.pm.pb.gov.br\/portal\/\",\"name\":\"Pol\u00edcia Militar da Para\u00edba\",\"description\":\"\",\"publisher\":{\"@id\":\"https:\/\/www.pm.pb.gov.br\/portal\/#organization\"},\"potentialAction\":[{\"@type\":\"SearchAction\",\"target\":{\"@type\":\"EntryPoint\",\"urlTemplate\":\"https:\/\/www.pm.pb.gov.br\/portal\/?s={search_term_string}\"},\"query-input\":\"required name=search_term_string\"}],\"inLanguage\":\"pt-BR\"},{\"@type\":\"Organization\",\"@id\":\"https:\/\/www.pm.pb.gov.br\/portal\/#organization\",\"name\":\"Pol\u00edcia Militar da Para\u00edba\",\"url\":\"https:\/\/www.pm.pb.gov.br\/portal\/\",\"logo\":{\"@type\":\"ImageObject\",\"inLanguage\":\"pt-BR\",\"@id\":\"https:\/\/www.pm.pb.gov.br\/portal\/#\/schema\/logo\/image\/\",\"url\":\"https:\/\/www.pm.pb.gov.br\/portal\/wp-content\/uploads\/2025\/03\/cropped-logo-site-mag2-1.png\",\"contentUrl\":\"https:\/\/www.pm.pb.gov.br\/portal\/wp-content\/uploads\/2025\/03\/cropped-logo-site-mag2-1.png\",\"width\":320,\"height\":90,\"caption\":\"Pol\u00edcia Militar da Para\u00edba\"},\"image\":{\"@id\":\"https:\/\/www.pm.pb.gov.br\/portal\/#\/schema\/logo\/image\/\"}}]}<\/script>\n<!-- \/ Yoast SEO plugin. -->","yoast_head_json":{"title":"Licita\u00e7\u00f5es Contratos 2020 - Pol\u00edcia Militar da Para\u00edba","robots":{"index":"index","follow":"follow","max-snippet":"max-snippet:-1","max-image-preview":"max-image-preview:large","max-video-preview":"max-video-preview:-1"},"canonical":"https:\/\/www.pm.pb.gov.br\/portal\/informacoes\/licitacoes\/licitacoes-2020\/","og_locale":"pt_BR","og_type":"article","og_title":"Licita\u00e7\u00f5es Contratos 2020 - Pol\u00edcia Militar da Para\u00edba","og_description":"INEXIGIBILIDADE DE LICITA\u00c7\u00c3O N\u00ba 001\/2020 &#8211; Para credenciamento de empresas para fornecimento de servi\u00e7os de: hemodi\u00e1lise, exames de an\u00e1tomopatol\u00f3gicos, tomografia","og_url":"https:\/\/www.pm.pb.gov.br\/portal\/informacoes\/licitacoes\/licitacoes-2020\/","og_site_name":"Pol\u00edcia Militar da Para\u00edba","article_modified_time":"2023-07-21T22:30:51+00:00","og_image":[{"width":620,"height":411,"url":"https:\/\/www.pm.pb.gov.br\/portal\/wp-content\/uploads\/2016\/04\/foto_brasao-1.jpg","type":"image\/jpeg"}],"twitter_card":"summary_large_image","twitter_misc":{"Est. tempo de leitura":"3 minutos"},"schema":{"@context":"https:\/\/schema.org","@graph":[{"@type":"WebPage","@id":"https:\/\/www.pm.pb.gov.br\/portal\/informacoes\/licitacoes\/licitacoes-2020\/","url":"https:\/\/www.pm.pb.gov.br\/portal\/informacoes\/licitacoes\/licitacoes-2020\/","name":"Licita\u00e7\u00f5es Contratos 2020 - Pol\u00edcia Militar da Para\u00edba","isPartOf":{"@id":"https:\/\/www.pm.pb.gov.br\/portal\/#website"},"datePublished":"2020-04-16T17:36:30+00:00","dateModified":"2023-07-21T22:30:51+00:00","breadcrumb":{"@id":"https:\/\/www.pm.pb.gov.br\/portal\/informacoes\/licitacoes\/licitacoes-2020\/#breadcrumb"},"inLanguage":"pt-BR","potentialAction":[{"@type":"ReadAction","target":["https:\/\/www.pm.pb.gov.br\/portal\/informacoes\/licitacoes\/licitacoes-2020\/"]}]},{"@type":"BreadcrumbList","@id":"https:\/\/www.pm.pb.gov.br\/portal\/informacoes\/licitacoes\/licitacoes-2020\/#breadcrumb","itemListElement":[{"@type":"ListItem","position":1,"name":"In\u00edcio","item":"https:\/\/www.pm.pb.gov.br\/portal\/"},{"@type":"ListItem","position":2,"name":"Informa\u00e7\u00f5es","item":"https:\/\/www.pm.pb.gov.br\/portal\/informacoes\/"},{"@type":"ListItem","position":3,"name":"Contratos","item":"https:\/\/www.pm.pb.gov.br\/portal\/informacoes\/licitacoes\/"},{"@type":"ListItem","position":4,"name":"Licita\u00e7\u00f5es Contratos 2020"}]},{"@type":"WebSite","@id":"https:\/\/www.pm.pb.gov.br\/portal\/#website","url":"https:\/\/www.pm.pb.gov.br\/portal\/","name":"Pol\u00edcia Militar da Para\u00edba","description":"","publisher":{"@id":"https:\/\/www.pm.pb.gov.br\/portal\/#organization"},"potentialAction":[{"@type":"SearchAction","target":{"@type":"EntryPoint","urlTemplate":"https:\/\/www.pm.pb.gov.br\/portal\/?s={search_term_string}"},"query-input":"required name=search_term_string"}],"inLanguage":"pt-BR"},{"@type":"Organization","@id":"https:\/\/www.pm.pb.gov.br\/portal\/#organization","name":"Pol\u00edcia Militar da Para\u00edba","url":"https:\/\/www.pm.pb.gov.br\/portal\/","logo":{"@type":"ImageObject","inLanguage":"pt-BR","@id":"https:\/\/www.pm.pb.gov.br\/portal\/#\/schema\/logo\/image\/","url":"https:\/\/www.pm.pb.gov.br\/portal\/wp-content\/uploads\/2025\/03\/cropped-logo-site-mag2-1.png","contentUrl":"https:\/\/www.pm.pb.gov.br\/portal\/wp-content\/uploads\/2025\/03\/cropped-logo-site-mag2-1.png","width":320,"height":90,"caption":"Pol\u00edcia Militar da Para\u00edba"},"image":{"@id":"https:\/\/www.pm.pb.gov.br\/portal\/#\/schema\/logo\/image\/"}}]}},"_links":{"self":[{"href":"https:\/\/www.pm.pb.gov.br\/portal\/wp-json\/wp\/v2\/pages\/904527"}],"collection":[{"href":"https:\/\/www.pm.pb.gov.br\/portal\/wp-json\/wp\/v2\/pages"}],"about":[{"href":"https:\/\/www.pm.pb.gov.br\/portal\/wp-json\/wp\/v2\/types\/page"}],"author":[{"embeddable":true,"href":"https:\/\/www.pm.pb.gov.br\/portal\/wp-json\/wp\/v2\/users\/11"}],"replies":[{"embeddable":true,"href":"https:\/\/www.pm.pb.gov.br\/portal\/wp-json\/wp\/v2\/comments?post=904527"}],"version-history":[{"count":22,"href":"https:\/\/www.pm.pb.gov.br\/portal\/wp-json\/wp\/v2\/pages\/904527\/revisions"}],"predecessor-version":[{"id":917494,"href":"https:\/\/www.pm.pb.gov.br\/portal\/wp-json\/wp\/v2\/pages\/904527\/revisions\/917494"}],"up":[{"embeddable":true,"href":"https:\/\/www.pm.pb.gov.br\/portal\/wp-json\/wp\/v2\/pages\/895284"}],"wp:attachment":[{"href":"https:\/\/www.pm.pb.gov.br\/portal\/wp-json\/wp\/v2\/media?parent=904527"}],"curies":[{"name":"wp","href":"https:\/\/api.w.org\/{rel}","templated":true}]}}