{"id":898048,"date":"2018-05-28T11:24:18","date_gmt":"2018-05-28T14:24:18","guid":{"rendered":"http:\/\/www.pm.pb.gov.br\/portal\/?page_id=898048"},"modified":"2023-07-21T19:30:12","modified_gmt":"2023-07-21T22:30:12","slug":"licitacoes-2018","status":"publish","type":"page","link":"https:\/\/www.pm.pb.gov.br\/portal\/informacoes\/licitacoes\/licitacoes-2018\/","title":{"rendered":"Licita\u00e7\u00f5es e Contratos 2018"},"content":{"rendered":"<p>&nbsp;<\/p>\n<table style=\"height: 213px; width: 787.938px;\">\n<tbody>\n<tr>\n<td style=\"width: 773.938px;\" colspan=\"2\"><span style=\"font-size: 10pt;\">TOMADA DE PRE\u00c7OS N\u00ba 002\/2018 &#8211; Reforma do piso de madeira do 1\u00ba Pavimento do Quartel do Comando-Geral.<\/span><\/td>\n<\/tr>\n<tr>\n<td style=\"width: 343px;\"><span style=\"font-size: 10pt;\">Processo N\u00ba 15.000.000505.2018<\/span><\/td>\n<td style=\"width: 430.938px;\"><span style=\"font-size: 10pt;\">Publica\u00e7\u00e3o<\/span><\/td>\n<\/tr>\n<tr>\n<td style=\"width: 343px;\"><span style=\"font-size: 10pt;\">&nbsp;<\/span><\/td>\n<td style=\"width: 430.938px;\"><span style=\"font-size: 10pt;\"><a href=\"http:\/\/www.pm.pb.gov.br\/portal\/wp-content\/uploads\/2018\/10\/01-Edital-de-Tomada-de-Pre\u00e7os.pdf\">01 &#8211; Edital de Tomada de Pre\u00e7os<\/a><\/span><\/td>\n<\/tr>\n<tr>\n<td style=\"width: 343px;\"><span style=\"font-size: 10pt;\">&nbsp;<\/span><\/td>\n<td style=\"width: 430.938px;\"><span style=\"font-size: 10pt;\"><a href=\"http:\/\/www.pm.pb.gov.br\/portal\/wp-content\/uploads\/2018\/10\/02-Anexos-do-Edital.pdf\">02 &#8211; Anexos do Edital<\/a><\/span><\/td>\n<\/tr>\n<tr>\n<td style=\"width: 343px;\"><span style=\"font-size: 10pt;\">&nbsp;<\/span><\/td>\n<td style=\"width: 430.938px;\"><span style=\"font-size: 10pt;\"><a href=\"http:\/\/www.pm.pb.gov.br\/portal\/wp-content\/uploads\/2018\/10\/1\u00ba-PAVIMENTO-QCG-PMPB-PLANTA-ARQUITET\u00d4NICA.pdf\">03 &#8211; 1\u00ba Pavimento QCG PMPB &#8211; Planta Arquitet\u00f4nica<\/a><\/span><\/td>\n<\/tr>\n<tr>\n<td style=\"width: 343px;\"><span style=\"font-size: 10pt;\">&nbsp;<\/span><\/td>\n<td style=\"width: 430.938px;\"><span style=\"font-size: 10pt;\"><a href=\"http:\/\/www.pm.pb.gov.br\/portal\/wp-content\/uploads\/2018\/10\/Cronograma-F\u00edsico-Financeiro.pdf\">04 &#8211; Cronograma F\u00edsico-Financeiro<\/a><\/span><\/td>\n<\/tr>\n<tr>\n<td style=\"width: 343px;\"><span style=\"font-size: 10pt;\">&nbsp;<\/span><\/td>\n<td style=\"width: 430.938px;\"><span style=\"font-size: 10pt;\"><a href=\"http:\/\/www.pm.pb.gov.br\/portal\/wp-content\/uploads\/2018\/10\/minuta-contrato-piso-qcg-1\u00ba-pavimento.pdf\">05 &#8211; Minuta Contrato<\/a><\/span><\/td>\n<\/tr>\n<tr>\n<td style=\"width: 343px;\"><span style=\"font-size: 10pt;\">&nbsp;<\/span><\/td>\n<td style=\"width: 430.938px;\"><span style=\"font-size: 10pt;\"><a href=\"http:\/\/www.pm.pb.gov.br\/portal\/wp-content\/uploads\/2018\/10\/Planilha-Or\u00e7ament\u00e1ria.pdf\">06 &#8211; Planilha Or\u00e7ament\u00e1ria<\/a><\/span><\/td>\n<\/tr>\n<tr>\n<td style=\"width: 343px; text-align: left;\" colspan=\"2\"><span style=\"font-size: 10pt;\">As especifica\u00e7\u00f5es t\u00e9cnicas do servi\u00e7o podem ser solicitadas atrav\u00e9s do e-mail: cpl.obraspmpb@gmail.com<\/span><\/td>\n<\/tr>\n<\/tbody>\n<\/table>\n<p>&nbsp;<\/p>\n<table style=\"width: 100.334%;\">\n<tbody>\n<tr>\n<td style=\"width: 49%; text-align: left;\" colspan=\"2\"><span style=\"font-size: 10pt;\">TOMADA DE PRE\u00c7OS N\u00ba 001\/2018 &#8211; Constru\u00e7\u00e3o da Subesta\u00e7\u00e3o de Energia El\u00e9trica<\/span><\/td>\n<\/tr>\n<tr>\n<td style=\"width: 11.7778%;\"><span style=\"font-size: 10pt;\">Processo N\u00ba 15.000.000501.2018<\/span><\/td>\n<td style=\"width: 37.2222%;\"><span style=\"font-size: 10pt;\">Publica\u00e7\u00e3o<\/span><\/td>\n<\/tr>\n<tr>\n<td style=\"width: 11.7778%;\"><span style=\"font-size: 10pt;\">&nbsp;<\/span><\/td>\n<td style=\"width: 37.2222%;\"><span style=\"font-size: 10pt;\"><a href=\"http:\/\/www.pm.pb.gov.br\/portal\/wp-content\/uploads\/2018\/05\/Edital.pdf\">01 &#8211; Edital de Tomada de Pre\u00e7os<\/a><\/span><\/td>\n<\/tr>\n<tr>\n<td style=\"width: 11.7778%;\"><span style=\"font-size: 10pt;\">&nbsp;<\/span><\/td>\n<td style=\"width: 37.2222%;\"><span style=\"font-size: 10pt;\"><a href=\"http:\/\/www.pm.pb.gov.br\/portal\/wp-content\/uploads\/2018\/05\/Minuta-de-Contrato.pdf\">02 &#8211; Minuta de Contrato<\/a><\/span><\/td>\n<\/tr>\n<tr>\n<td style=\"width: 11.7778%;\"><span style=\"font-size: 10pt;\">&nbsp;<\/span><\/td>\n<td style=\"width: 37.2222%;\"><span style=\"font-size: 10pt;\"><a href=\"http:\/\/www.pm.pb.gov.br\/portal\/wp-content\/uploads\/2018\/05\/Anexos.pdf\">03 &#8211; Anexos do Edital<\/a><\/span><\/td>\n<\/tr>\n<tr>\n<td style=\"width: 11.7778%;\"><span style=\"font-size: 10pt;\">&nbsp;<\/span><\/td>\n<td style=\"width: 37.2222%;\"><span style=\"font-size: 10pt;\"><a href=\"http:\/\/www.pm.pb.gov.br\/portal\/wp-content\/uploads\/2018\/05\/Planilha-Or\u00e7ament\u00e1ria.pdf\">04 &#8211; Planilha Or\u00e7ament\u00e1ria<\/a><\/span><\/td>\n<\/tr>\n<tr>\n<td style=\"width: 11.7778%;\"><\/td>\n<td style=\"width: 37.2222%;\"><a href=\"http:\/\/www.pm.pb.gov.br\/portal\/wp-content\/uploads\/2018\/06\/aviso-de-resultado-de-julgamento-habilita\u00e7\u00e3o-subesta\u00e7\u00e3o-de-energia-el\u00e9trica-1\u00ba-BPM.pdf\"><span style=\"font-size: 10pt;\">05 &#8211; Aviso de Resultado&nbsp; de Habilita\u00e7\u00e3o<\/span><\/a><\/td>\n<\/tr>\n<tr>\n<td style=\"width: 11.7778%;\"><\/td>\n<td style=\"width: 37.2222%;\"><a href=\"http:\/\/www.pm.pb.gov.br\/portal\/wp-content\/uploads\/2018\/06\/Julgamento-de-Recurso-FASE-DE-HABILITA\u00c7\u00c3O.pdf\"><span style=\"font-size: 10pt;\">06 &#8211; Resultado de Julgamento de Recurso (Fase de Habilita\u00e7\u00e3o)<\/span><\/a><\/td>\n<\/tr>\n<\/tbody>\n<\/table>\n<p>&nbsp;<\/p>\n","protected":false},"excerpt":{"rendered":"<p>&nbsp; TOMADA DE PRE\u00c7OS N\u00ba 002\/2018 &#8211; Reforma do piso de madeira do 1\u00ba Pavimento do Quartel do Comando-Geral. Processo<\/p>\n","protected":false},"author":11,"featured_media":0,"parent":895284,"menu_order":0,"comment_status":"closed","ping_status":"closed","template":"","meta":{"_exactmetrics_skip_tracking":false,"_exactmetrics_sitenote_active":false,"_exactmetrics_sitenote_note":"","_exactmetrics_sitenote_category":0,"footnotes":""},"yoast_head":"<!-- This site is optimized with the Yoast SEO plugin v22.0 - https:\/\/yoast.com\/wordpress\/plugins\/seo\/ -->\n<title>Licita\u00e7\u00f5es e Contratos 2018 - Pol\u00edcia Militar da Para\u00edba<\/title>\n<meta name=\"robots\" content=\"index, follow, max-snippet:-1, max-image-preview:large, max-video-preview:-1\" \/>\n<link rel=\"canonical\" href=\"https:\/\/www.pm.pb.gov.br\/portal\/informacoes\/licitacoes\/licitacoes-2018\/\" \/>\n<meta property=\"og:locale\" content=\"pt_BR\" \/>\n<meta property=\"og:type\" content=\"article\" \/>\n<meta property=\"og:title\" content=\"Licita\u00e7\u00f5es e Contratos 2018 - Pol\u00edcia Militar da Para\u00edba\" \/>\n<meta property=\"og:description\" content=\"&nbsp; TOMADA DE PRE\u00c7OS N\u00ba 002\/2018 &#8211; Reforma do piso de madeira do 1\u00ba Pavimento do Quartel do Comando-Geral. Processo\" \/>\n<meta property=\"og:url\" content=\"https:\/\/www.pm.pb.gov.br\/portal\/informacoes\/licitacoes\/licitacoes-2018\/\" \/>\n<meta property=\"og:site_name\" content=\"Pol\u00edcia Militar da Para\u00edba\" \/>\n<meta property=\"article:modified_time\" content=\"2023-07-21T22:30:12+00:00\" \/>\n<meta property=\"og:image\" content=\"https:\/\/www.pm.pb.gov.br\/portal\/wp-content\/uploads\/2016\/04\/foto_brasao-1.jpg\" \/>\n\t<meta property=\"og:image:width\" content=\"620\" \/>\n\t<meta property=\"og:image:height\" content=\"411\" \/>\n\t<meta property=\"og:image:type\" content=\"image\/jpeg\" \/>\n<meta name=\"twitter:card\" content=\"summary_large_image\" \/>\n<meta name=\"twitter:label1\" content=\"Est. tempo de leitura\" \/>\n\t<meta name=\"twitter:data1\" content=\"1 minuto\" \/>\n<script type=\"application\/ld+json\" class=\"yoast-schema-graph\">{\"@context\":\"https:\/\/schema.org\",\"@graph\":[{\"@type\":\"WebPage\",\"@id\":\"https:\/\/www.pm.pb.gov.br\/portal\/informacoes\/licitacoes\/licitacoes-2018\/\",\"url\":\"https:\/\/www.pm.pb.gov.br\/portal\/informacoes\/licitacoes\/licitacoes-2018\/\",\"name\":\"Licita\u00e7\u00f5es e Contratos 2018 - Pol\u00edcia Militar da Para\u00edba\",\"isPartOf\":{\"@id\":\"https:\/\/www.pm.pb.gov.br\/portal\/#website\"},\"datePublished\":\"2018-05-28T14:24:18+00:00\",\"dateModified\":\"2023-07-21T22:30:12+00:00\",\"breadcrumb\":{\"@id\":\"https:\/\/www.pm.pb.gov.br\/portal\/informacoes\/licitacoes\/licitacoes-2018\/#breadcrumb\"},\"inLanguage\":\"pt-BR\",\"potentialAction\":[{\"@type\":\"ReadAction\",\"target\":[\"https:\/\/www.pm.pb.gov.br\/portal\/informacoes\/licitacoes\/licitacoes-2018\/\"]}]},{\"@type\":\"BreadcrumbList\",\"@id\":\"https:\/\/www.pm.pb.gov.br\/portal\/informacoes\/licitacoes\/licitacoes-2018\/#breadcrumb\",\"itemListElement\":[{\"@type\":\"ListItem\",\"position\":1,\"name\":\"In\u00edcio\",\"item\":\"https:\/\/www.pm.pb.gov.br\/portal\/\"},{\"@type\":\"ListItem\",\"position\":2,\"name\":\"Informa\u00e7\u00f5es\",\"item\":\"https:\/\/www.pm.pb.gov.br\/portal\/informacoes\/\"},{\"@type\":\"ListItem\",\"position\":3,\"name\":\"Contratos\",\"item\":\"https:\/\/www.pm.pb.gov.br\/portal\/informacoes\/licitacoes\/\"},{\"@type\":\"ListItem\",\"position\":4,\"name\":\"Licita\u00e7\u00f5es e Contratos 2018\"}]},{\"@type\":\"WebSite\",\"@id\":\"https:\/\/www.pm.pb.gov.br\/portal\/#website\",\"url\":\"https:\/\/www.pm.pb.gov.br\/portal\/\",\"name\":\"Pol\u00edcia Militar da Para\u00edba\",\"description\":\"\",\"publisher\":{\"@id\":\"https:\/\/www.pm.pb.gov.br\/portal\/#organization\"},\"potentialAction\":[{\"@type\":\"SearchAction\",\"target\":{\"@type\":\"EntryPoint\",\"urlTemplate\":\"https:\/\/www.pm.pb.gov.br\/portal\/?s={search_term_string}\"},\"query-input\":\"required name=search_term_string\"}],\"inLanguage\":\"pt-BR\"},{\"@type\":\"Organization\",\"@id\":\"https:\/\/www.pm.pb.gov.br\/portal\/#organization\",\"name\":\"Pol\u00edcia Militar da Para\u00edba\",\"url\":\"https:\/\/www.pm.pb.gov.br\/portal\/\",\"logo\":{\"@type\":\"ImageObject\",\"inLanguage\":\"pt-BR\",\"@id\":\"https:\/\/www.pm.pb.gov.br\/portal\/#\/schema\/logo\/image\/\",\"url\":\"https:\/\/www.pm.pb.gov.br\/portal\/wp-content\/uploads\/2025\/03\/cropped-logo-site-mag2-1.png\",\"contentUrl\":\"https:\/\/www.pm.pb.gov.br\/portal\/wp-content\/uploads\/2025\/03\/cropped-logo-site-mag2-1.png\",\"width\":320,\"height\":90,\"caption\":\"Pol\u00edcia Militar da Para\u00edba\"},\"image\":{\"@id\":\"https:\/\/www.pm.pb.gov.br\/portal\/#\/schema\/logo\/image\/\"}}]}<\/script>\n<!-- \/ Yoast SEO plugin. -->","yoast_head_json":{"title":"Licita\u00e7\u00f5es e Contratos 2018 - Pol\u00edcia Militar da Para\u00edba","robots":{"index":"index","follow":"follow","max-snippet":"max-snippet:-1","max-image-preview":"max-image-preview:large","max-video-preview":"max-video-preview:-1"},"canonical":"https:\/\/www.pm.pb.gov.br\/portal\/informacoes\/licitacoes\/licitacoes-2018\/","og_locale":"pt_BR","og_type":"article","og_title":"Licita\u00e7\u00f5es e Contratos 2018 - Pol\u00edcia Militar da Para\u00edba","og_description":"&nbsp; TOMADA DE PRE\u00c7OS N\u00ba 002\/2018 &#8211; Reforma do piso de madeira do 1\u00ba Pavimento do Quartel do Comando-Geral. Processo","og_url":"https:\/\/www.pm.pb.gov.br\/portal\/informacoes\/licitacoes\/licitacoes-2018\/","og_site_name":"Pol\u00edcia Militar da Para\u00edba","article_modified_time":"2023-07-21T22:30:12+00:00","og_image":[{"width":620,"height":411,"url":"https:\/\/www.pm.pb.gov.br\/portal\/wp-content\/uploads\/2016\/04\/foto_brasao-1.jpg","type":"image\/jpeg"}],"twitter_card":"summary_large_image","twitter_misc":{"Est. tempo de leitura":"1 minuto"},"schema":{"@context":"https:\/\/schema.org","@graph":[{"@type":"WebPage","@id":"https:\/\/www.pm.pb.gov.br\/portal\/informacoes\/licitacoes\/licitacoes-2018\/","url":"https:\/\/www.pm.pb.gov.br\/portal\/informacoes\/licitacoes\/licitacoes-2018\/","name":"Licita\u00e7\u00f5es e Contratos 2018 - Pol\u00edcia Militar da Para\u00edba","isPartOf":{"@id":"https:\/\/www.pm.pb.gov.br\/portal\/#website"},"datePublished":"2018-05-28T14:24:18+00:00","dateModified":"2023-07-21T22:30:12+00:00","breadcrumb":{"@id":"https:\/\/www.pm.pb.gov.br\/portal\/informacoes\/licitacoes\/licitacoes-2018\/#breadcrumb"},"inLanguage":"pt-BR","potentialAction":[{"@type":"ReadAction","target":["https:\/\/www.pm.pb.gov.br\/portal\/informacoes\/licitacoes\/licitacoes-2018\/"]}]},{"@type":"BreadcrumbList","@id":"https:\/\/www.pm.pb.gov.br\/portal\/informacoes\/licitacoes\/licitacoes-2018\/#breadcrumb","itemListElement":[{"@type":"ListItem","position":1,"name":"In\u00edcio","item":"https:\/\/www.pm.pb.gov.br\/portal\/"},{"@type":"ListItem","position":2,"name":"Informa\u00e7\u00f5es","item":"https:\/\/www.pm.pb.gov.br\/portal\/informacoes\/"},{"@type":"ListItem","position":3,"name":"Contratos","item":"https:\/\/www.pm.pb.gov.br\/portal\/informacoes\/licitacoes\/"},{"@type":"ListItem","position":4,"name":"Licita\u00e7\u00f5es e Contratos 2018"}]},{"@type":"WebSite","@id":"https:\/\/www.pm.pb.gov.br\/portal\/#website","url":"https:\/\/www.pm.pb.gov.br\/portal\/","name":"Pol\u00edcia Militar da Para\u00edba","description":"","publisher":{"@id":"https:\/\/www.pm.pb.gov.br\/portal\/#organization"},"potentialAction":[{"@type":"SearchAction","target":{"@type":"EntryPoint","urlTemplate":"https:\/\/www.pm.pb.gov.br\/portal\/?s={search_term_string}"},"query-input":"required name=search_term_string"}],"inLanguage":"pt-BR"},{"@type":"Organization","@id":"https:\/\/www.pm.pb.gov.br\/portal\/#organization","name":"Pol\u00edcia Militar da Para\u00edba","url":"https:\/\/www.pm.pb.gov.br\/portal\/","logo":{"@type":"ImageObject","inLanguage":"pt-BR","@id":"https:\/\/www.pm.pb.gov.br\/portal\/#\/schema\/logo\/image\/","url":"https:\/\/www.pm.pb.gov.br\/portal\/wp-content\/uploads\/2025\/03\/cropped-logo-site-mag2-1.png","contentUrl":"https:\/\/www.pm.pb.gov.br\/portal\/wp-content\/uploads\/2025\/03\/cropped-logo-site-mag2-1.png","width":320,"height":90,"caption":"Pol\u00edcia Militar da Para\u00edba"},"image":{"@id":"https:\/\/www.pm.pb.gov.br\/portal\/#\/schema\/logo\/image\/"}}]}},"_links":{"self":[{"href":"https:\/\/www.pm.pb.gov.br\/portal\/wp-json\/wp\/v2\/pages\/898048"}],"collection":[{"href":"https:\/\/www.pm.pb.gov.br\/portal\/wp-json\/wp\/v2\/pages"}],"about":[{"href":"https:\/\/www.pm.pb.gov.br\/portal\/wp-json\/wp\/v2\/types\/page"}],"author":[{"embeddable":true,"href":"https:\/\/www.pm.pb.gov.br\/portal\/wp-json\/wp\/v2\/users\/11"}],"replies":[{"embeddable":true,"href":"https:\/\/www.pm.pb.gov.br\/portal\/wp-json\/wp\/v2\/comments?post=898048"}],"version-history":[{"count":19,"href":"https:\/\/www.pm.pb.gov.br\/portal\/wp-json\/wp\/v2\/pages\/898048\/revisions"}],"predecessor-version":[{"id":917493,"href":"https:\/\/www.pm.pb.gov.br\/portal\/wp-json\/wp\/v2\/pages\/898048\/revisions\/917493"}],"up":[{"embeddable":true,"href":"https:\/\/www.pm.pb.gov.br\/portal\/wp-json\/wp\/v2\/pages\/895284"}],"wp:attachment":[{"href":"https:\/\/www.pm.pb.gov.br\/portal\/wp-json\/wp\/v2\/media?parent=898048"}],"curies":[{"name":"wp","href":"https:\/\/api.w.org\/{rel}","templated":true}]}}