{"id":898043,"date":"2018-05-28T10:28:18","date_gmt":"2018-05-28T13:28:18","guid":{"rendered":"http:\/\/www.pm.pb.gov.br\/portal\/?page_id=898043"},"modified":"2023-07-21T19:27:25","modified_gmt":"2023-07-21T22:27:25","slug":"licitacoes-2017","status":"publish","type":"page","link":"https:\/\/www.pm.pb.gov.br\/portal\/informacoes\/licitacoes\/licitacoes-2017\/","title":{"rendered":"Licita\u00e7\u00f5es e Contratos 2017"},"content":{"rendered":"<table style=\"width: 100%;\">\n<tbody>\n<tr>\n<td style=\"width: 21%;\">Processo n\u00ba<\/td>\n<td style=\"width: 42.3585%;\">Aquisi\u00e7\u00e3o<\/td>\n<td style=\"width: 32.6415%;\">Publica\u00e7\u00e3o<\/td>\n<\/tr>\n<tr>\n<td style=\"width: 21%;\">&nbsp;15.201.000471.2017<\/td>\n<td style=\"width: 42.3585%;\">FORNECIMENTO CONT\u00cdNUO DE APARELHOS AUDITIVOS (AASI E SISTEMA FM)<\/p>\n<p>*Atualizado dia 06\/10\/2017<\/td>\n<td style=\"width: 32.6415%;\"><a href=\"http:\/\/www.pm.pb.gov.br\/portal\/wp-content\/uploads\/2017\/09\/1-Aviso-de-Credenciamento-Chamamento.pdf\">1 &#8211; Aviso-de-Credenciamento-Chamamento<\/a><\/p>\n<p><a href=\"http:\/\/www.pm.pb.gov.br\/portal\/wp-content\/uploads\/2017\/09\/2-Edital-n\u00ba-0001-2017-e-anexos.pdf\">2 &#8211; Edital n\u00ba 0001-2017 e anexos<\/a><\/p>\n<p><a href=\"http:\/\/www.pm.pb.gov.br\/portal\/wp-content\/uploads\/2017\/09\/3-Edital-n\u00ba-0002-2017-de-retifica\u00e7\u00e3o-do-Edital-n\u00ba-0001-2017.pdf\">3 &#8211; Edital n\u00ba 0002-2017 de retifica\u00e7\u00e3o do Edital n\u00ba 0001-2017<\/a><\/p>\n<p><a href=\"http:\/\/www.pm.pb.gov.br\/portal\/wp-content\/uploads\/2017\/09\/4-Edital-n\u00ba-0001-2017-e-anexos-RETIFICADO.pdf\">4 &#8211; Edital n\u00ba 0001-2017 e anexos &#8211; RETIFICADO<\/a><\/p>\n<p><a href=\"http:\/\/www.pm.pb.gov.br\/portal\/wp-content\/uploads\/2017\/10\/5-Impugna\u00e7\u00e3o-ao-Edital-Vitasons.pdf\">5 &#8211; Impugna\u00e7\u00e3o ao Edital &#8211; Vitasons<\/a><\/p>\n<p><a href=\"http:\/\/www.pm.pb.gov.br\/portal\/wp-content\/uploads\/2017\/10\/6-Impugna\u00e7\u00e3o-ao-Edital-Starkey.pdf\">6 &#8211; Impugna\u00e7\u00e3o ao Edital &#8211; Starkey<\/a><\/p>\n<p><a href=\"http:\/\/www.pm.pb.gov.br\/portal\/wp-content\/uploads\/2017\/10\/7-Ata-da-Sess\u00e3o-P\u00fablica-1.pdf\">7 &#8211; Ata da Sess\u00e3o P\u00fablica<\/a><\/p>\n<p><a href=\"http:\/\/www.pm.pb.gov.br\/portal\/wp-content\/uploads\/2017\/09\/8-Respostas-esclarecimentos-da-sess\u00e3o.pdf\">8 &#8211; Respostas esclarecimentos da sess\u00e3o<\/a><\/p>\n<p><a href=\"http:\/\/www.pm.pb.gov.br\/portal\/wp-content\/uploads\/2017\/09\/9-EDITAL-0003-2017-RETIFICA\u00c7\u00c3O-2-DO-EDITAL.pdf\">9 &#8211; EDITAL 0003-2017 &#8211; RETIFICA\u00c7\u00c3O 2 DO EDITAL<\/a><\/p>\n<p><a href=\"http:\/\/www.pm.pb.gov.br\/portal\/wp-content\/uploads\/2017\/09\/10-TERMO-DE-REFER\u00caNCIA-RETIFICADO.pdf\">10 &#8211; TERMO DE REFER\u00caNCIA RETIFICADO<\/a><\/p>\n<p><a href=\"http:\/\/www.pm.pb.gov.br\/portal\/wp-content\/uploads\/2017\/09\/Relat\u00f3rio-da-CPL.pdf\">Relat\u00f3rio da CPL<\/a><\/p>\n<p><a href=\"http:\/\/www.pm.pb.gov.br\/portal\/wp-content\/uploads\/2017\/09\/TERMO-DE-RATIFICA\u00c7\u00c3O-DOE-27-02-2018.pdf\">TERMO DE RATIFICA\u00c7\u00c3O &#8211; DOE-27-02-2018<\/a><\/td>\n<\/tr>\n<\/tbody>\n<\/table>\n<p>&nbsp;<\/p>\n","protected":false},"excerpt":{"rendered":"<p>Processo n\u00ba Aquisi\u00e7\u00e3o Publica\u00e7\u00e3o &nbsp;15.201.000471.2017 FORNECIMENTO CONT\u00cdNUO DE APARELHOS AUDITIVOS (AASI E SISTEMA FM) *Atualizado dia 06\/10\/2017 1 &#8211; Aviso-de-Credenciamento-Chamamento<\/p>\n","protected":false},"author":11,"featured_media":0,"parent":895284,"menu_order":0,"comment_status":"closed","ping_status":"closed","template":"","meta":{"_exactmetrics_skip_tracking":false,"_exactmetrics_sitenote_active":false,"_exactmetrics_sitenote_note":"","_exactmetrics_sitenote_category":0,"footnotes":""},"yoast_head":"<!-- This site is optimized with the Yoast SEO plugin v22.0 - https:\/\/yoast.com\/wordpress\/plugins\/seo\/ -->\n<title>Licita\u00e7\u00f5es e Contratos 2017 - Pol\u00edcia Militar da Para\u00edba<\/title>\n<meta name=\"robots\" content=\"index, follow, max-snippet:-1, max-image-preview:large, max-video-preview:-1\" \/>\n<link rel=\"canonical\" href=\"https:\/\/www.pm.pb.gov.br\/portal\/informacoes\/licitacoes\/licitacoes-2017\/\" \/>\n<meta property=\"og:locale\" content=\"pt_BR\" \/>\n<meta property=\"og:type\" content=\"article\" \/>\n<meta property=\"og:title\" content=\"Licita\u00e7\u00f5es e Contratos 2017 - Pol\u00edcia Militar da Para\u00edba\" \/>\n<meta property=\"og:description\" content=\"Processo n\u00ba Aquisi\u00e7\u00e3o Publica\u00e7\u00e3o &nbsp;15.201.000471.2017 FORNECIMENTO CONT\u00cdNUO DE APARELHOS AUDITIVOS (AASI E SISTEMA FM) *Atualizado dia 06\/10\/2017 1 &#8211; Aviso-de-Credenciamento-Chamamento\" \/>\n<meta property=\"og:url\" content=\"https:\/\/www.pm.pb.gov.br\/portal\/informacoes\/licitacoes\/licitacoes-2017\/\" \/>\n<meta property=\"og:site_name\" content=\"Pol\u00edcia Militar da Para\u00edba\" \/>\n<meta property=\"article:modified_time\" content=\"2023-07-21T22:27:25+00:00\" \/>\n<meta property=\"og:image\" content=\"https:\/\/www.pm.pb.gov.br\/portal\/wp-content\/uploads\/2016\/04\/foto_brasao-1.jpg\" \/>\n\t<meta property=\"og:image:width\" content=\"620\" \/>\n\t<meta property=\"og:image:height\" content=\"411\" \/>\n\t<meta property=\"og:image:type\" content=\"image\/jpeg\" \/>\n<meta name=\"twitter:card\" content=\"summary_large_image\" \/>\n<meta name=\"twitter:label1\" content=\"Est. tempo de leitura\" \/>\n\t<meta name=\"twitter:data1\" content=\"1 minuto\" \/>\n<script type=\"application\/ld+json\" class=\"yoast-schema-graph\">{\"@context\":\"https:\/\/schema.org\",\"@graph\":[{\"@type\":\"WebPage\",\"@id\":\"https:\/\/www.pm.pb.gov.br\/portal\/informacoes\/licitacoes\/licitacoes-2017\/\",\"url\":\"https:\/\/www.pm.pb.gov.br\/portal\/informacoes\/licitacoes\/licitacoes-2017\/\",\"name\":\"Licita\u00e7\u00f5es e Contratos 2017 - Pol\u00edcia Militar da Para\u00edba\",\"isPartOf\":{\"@id\":\"https:\/\/www.pm.pb.gov.br\/portal\/#website\"},\"datePublished\":\"2018-05-28T13:28:18+00:00\",\"dateModified\":\"2023-07-21T22:27:25+00:00\",\"breadcrumb\":{\"@id\":\"https:\/\/www.pm.pb.gov.br\/portal\/informacoes\/licitacoes\/licitacoes-2017\/#breadcrumb\"},\"inLanguage\":\"pt-BR\",\"potentialAction\":[{\"@type\":\"ReadAction\",\"target\":[\"https:\/\/www.pm.pb.gov.br\/portal\/informacoes\/licitacoes\/licitacoes-2017\/\"]}]},{\"@type\":\"BreadcrumbList\",\"@id\":\"https:\/\/www.pm.pb.gov.br\/portal\/informacoes\/licitacoes\/licitacoes-2017\/#breadcrumb\",\"itemListElement\":[{\"@type\":\"ListItem\",\"position\":1,\"name\":\"In\u00edcio\",\"item\":\"https:\/\/www.pm.pb.gov.br\/portal\/\"},{\"@type\":\"ListItem\",\"position\":2,\"name\":\"Informa\u00e7\u00f5es\",\"item\":\"https:\/\/www.pm.pb.gov.br\/portal\/informacoes\/\"},{\"@type\":\"ListItem\",\"position\":3,\"name\":\"Contratos\",\"item\":\"https:\/\/www.pm.pb.gov.br\/portal\/informacoes\/licitacoes\/\"},{\"@type\":\"ListItem\",\"position\":4,\"name\":\"Licita\u00e7\u00f5es e Contratos 2017\"}]},{\"@type\":\"WebSite\",\"@id\":\"https:\/\/www.pm.pb.gov.br\/portal\/#website\",\"url\":\"https:\/\/www.pm.pb.gov.br\/portal\/\",\"name\":\"Pol\u00edcia Militar da Para\u00edba\",\"description\":\"\",\"publisher\":{\"@id\":\"https:\/\/www.pm.pb.gov.br\/portal\/#organization\"},\"potentialAction\":[{\"@type\":\"SearchAction\",\"target\":{\"@type\":\"EntryPoint\",\"urlTemplate\":\"https:\/\/www.pm.pb.gov.br\/portal\/?s={search_term_string}\"},\"query-input\":\"required name=search_term_string\"}],\"inLanguage\":\"pt-BR\"},{\"@type\":\"Organization\",\"@id\":\"https:\/\/www.pm.pb.gov.br\/portal\/#organization\",\"name\":\"Pol\u00edcia Militar da Para\u00edba\",\"url\":\"https:\/\/www.pm.pb.gov.br\/portal\/\",\"logo\":{\"@type\":\"ImageObject\",\"inLanguage\":\"pt-BR\",\"@id\":\"https:\/\/www.pm.pb.gov.br\/portal\/#\/schema\/logo\/image\/\",\"url\":\"https:\/\/www.pm.pb.gov.br\/portal\/wp-content\/uploads\/2025\/03\/cropped-logo-site-mag2-1.png\",\"contentUrl\":\"https:\/\/www.pm.pb.gov.br\/portal\/wp-content\/uploads\/2025\/03\/cropped-logo-site-mag2-1.png\",\"width\":320,\"height\":90,\"caption\":\"Pol\u00edcia Militar da Para\u00edba\"},\"image\":{\"@id\":\"https:\/\/www.pm.pb.gov.br\/portal\/#\/schema\/logo\/image\/\"}}]}<\/script>\n<!-- \/ Yoast SEO plugin. -->","yoast_head_json":{"title":"Licita\u00e7\u00f5es e Contratos 2017 - Pol\u00edcia Militar da Para\u00edba","robots":{"index":"index","follow":"follow","max-snippet":"max-snippet:-1","max-image-preview":"max-image-preview:large","max-video-preview":"max-video-preview:-1"},"canonical":"https:\/\/www.pm.pb.gov.br\/portal\/informacoes\/licitacoes\/licitacoes-2017\/","og_locale":"pt_BR","og_type":"article","og_title":"Licita\u00e7\u00f5es e Contratos 2017 - Pol\u00edcia Militar da Para\u00edba","og_description":"Processo n\u00ba Aquisi\u00e7\u00e3o Publica\u00e7\u00e3o &nbsp;15.201.000471.2017 FORNECIMENTO CONT\u00cdNUO DE APARELHOS AUDITIVOS (AASI E SISTEMA FM) *Atualizado dia 06\/10\/2017 1 &#8211; Aviso-de-Credenciamento-Chamamento","og_url":"https:\/\/www.pm.pb.gov.br\/portal\/informacoes\/licitacoes\/licitacoes-2017\/","og_site_name":"Pol\u00edcia Militar da Para\u00edba","article_modified_time":"2023-07-21T22:27:25+00:00","og_image":[{"width":620,"height":411,"url":"https:\/\/www.pm.pb.gov.br\/portal\/wp-content\/uploads\/2016\/04\/foto_brasao-1.jpg","type":"image\/jpeg"}],"twitter_card":"summary_large_image","twitter_misc":{"Est. tempo de leitura":"1 minuto"},"schema":{"@context":"https:\/\/schema.org","@graph":[{"@type":"WebPage","@id":"https:\/\/www.pm.pb.gov.br\/portal\/informacoes\/licitacoes\/licitacoes-2017\/","url":"https:\/\/www.pm.pb.gov.br\/portal\/informacoes\/licitacoes\/licitacoes-2017\/","name":"Licita\u00e7\u00f5es e Contratos 2017 - Pol\u00edcia Militar da Para\u00edba","isPartOf":{"@id":"https:\/\/www.pm.pb.gov.br\/portal\/#website"},"datePublished":"2018-05-28T13:28:18+00:00","dateModified":"2023-07-21T22:27:25+00:00","breadcrumb":{"@id":"https:\/\/www.pm.pb.gov.br\/portal\/informacoes\/licitacoes\/licitacoes-2017\/#breadcrumb"},"inLanguage":"pt-BR","potentialAction":[{"@type":"ReadAction","target":["https:\/\/www.pm.pb.gov.br\/portal\/informacoes\/licitacoes\/licitacoes-2017\/"]}]},{"@type":"BreadcrumbList","@id":"https:\/\/www.pm.pb.gov.br\/portal\/informacoes\/licitacoes\/licitacoes-2017\/#breadcrumb","itemListElement":[{"@type":"ListItem","position":1,"name":"In\u00edcio","item":"https:\/\/www.pm.pb.gov.br\/portal\/"},{"@type":"ListItem","position":2,"name":"Informa\u00e7\u00f5es","item":"https:\/\/www.pm.pb.gov.br\/portal\/informacoes\/"},{"@type":"ListItem","position":3,"name":"Contratos","item":"https:\/\/www.pm.pb.gov.br\/portal\/informacoes\/licitacoes\/"},{"@type":"ListItem","position":4,"name":"Licita\u00e7\u00f5es e Contratos 2017"}]},{"@type":"WebSite","@id":"https:\/\/www.pm.pb.gov.br\/portal\/#website","url":"https:\/\/www.pm.pb.gov.br\/portal\/","name":"Pol\u00edcia Militar da Para\u00edba","description":"","publisher":{"@id":"https:\/\/www.pm.pb.gov.br\/portal\/#organization"},"potentialAction":[{"@type":"SearchAction","target":{"@type":"EntryPoint","urlTemplate":"https:\/\/www.pm.pb.gov.br\/portal\/?s={search_term_string}"},"query-input":"required name=search_term_string"}],"inLanguage":"pt-BR"},{"@type":"Organization","@id":"https:\/\/www.pm.pb.gov.br\/portal\/#organization","name":"Pol\u00edcia Militar da Para\u00edba","url":"https:\/\/www.pm.pb.gov.br\/portal\/","logo":{"@type":"ImageObject","inLanguage":"pt-BR","@id":"https:\/\/www.pm.pb.gov.br\/portal\/#\/schema\/logo\/image\/","url":"https:\/\/www.pm.pb.gov.br\/portal\/wp-content\/uploads\/2025\/03\/cropped-logo-site-mag2-1.png","contentUrl":"https:\/\/www.pm.pb.gov.br\/portal\/wp-content\/uploads\/2025\/03\/cropped-logo-site-mag2-1.png","width":320,"height":90,"caption":"Pol\u00edcia Militar da Para\u00edba"},"image":{"@id":"https:\/\/www.pm.pb.gov.br\/portal\/#\/schema\/logo\/image\/"}}]}},"_links":{"self":[{"href":"https:\/\/www.pm.pb.gov.br\/portal\/wp-json\/wp\/v2\/pages\/898043"}],"collection":[{"href":"https:\/\/www.pm.pb.gov.br\/portal\/wp-json\/wp\/v2\/pages"}],"about":[{"href":"https:\/\/www.pm.pb.gov.br\/portal\/wp-json\/wp\/v2\/types\/page"}],"author":[{"embeddable":true,"href":"https:\/\/www.pm.pb.gov.br\/portal\/wp-json\/wp\/v2\/users\/11"}],"replies":[{"embeddable":true,"href":"https:\/\/www.pm.pb.gov.br\/portal\/wp-json\/wp\/v2\/comments?post=898043"}],"version-history":[{"count":3,"href":"https:\/\/www.pm.pb.gov.br\/portal\/wp-json\/wp\/v2\/pages\/898043\/revisions"}],"predecessor-version":[{"id":917492,"href":"https:\/\/www.pm.pb.gov.br\/portal\/wp-json\/wp\/v2\/pages\/898043\/revisions\/917492"}],"up":[{"embeddable":true,"href":"https:\/\/www.pm.pb.gov.br\/portal\/wp-json\/wp\/v2\/pages\/895284"}],"wp:attachment":[{"href":"https:\/\/www.pm.pb.gov.br\/portal\/wp-json\/wp\/v2\/media?parent=898043"}],"curies":[{"name":"wp","href":"https:\/\/api.w.org\/{rel}","templated":true}]}}